{"id":24052,"date":"2025-08-26T15:07:21","date_gmt":"2025-08-26T15:07:21","guid":{"rendered":"https:\/\/carmelarosso.es\/collection-automne-hiver-2025-26\/"},"modified":"2025-09-08T08:07:18","modified_gmt":"2025-09-08T08:07:18","slug":"collection-automne-hiver-2025-26","status":"publish","type":"page","link":"https:\/\/carmelarosso.es\/fr\/collection-automne-hiver-2025-26\/","title":{"rendered":"Collection Automne Hiver 2025\/26"},"content":{"rendered":"\n\n  <div class=\"banner has-hover has-parallax\" id=\"banner-1788587869\">\n          <div class=\"banner-inner fill\">\n        <div class=\"banner-bg fill\" data-parallax=\"-2\" data-parallax-container=\".banner\" data-parallax-background>\n            <div class=\"bg fill bg-fill \"><\/div>\n                                    \n                    <\/div>\n\t\t\n        <div class=\"banner-layers container\">\n            <div class=\"fill banner-link\"><\/div>            \n\n   <div id=\"text-box-526840470\" class=\"text-box banner-layer x50 md-x50 lg-x50 y50 md-y50 lg-y50 res-text\">\n                                <div class=\"text-box-content text \">\n              \n              <div class=\"text-inner text-center\">\n                  \n\n<h3 class=\"uppercase\"><span style=\"color: #ffffff;\"><strong>Collections<\/strong><\/span><\/h3>\n<p><span style=\"color: #ffffff;\">Carmela Rosso<\/span><\/p>\n<div class=\"is-divider divider clearfix\" style=\"max-width:67px;height:5px;\"><\/div>\n\n\n              <\/div>\n           <\/div>\n                            \n<style>\n#text-box-526840470 {\n  width: 60%;\n}\n#text-box-526840470 .text-box-content {\n  font-size: 100%;\n}\n<\/style>\n    <\/div>\n \n\n        <\/div>\n      <\/div>\n\n            \n<style>\n#banner-1788587869 {\n  padding-top: 13%;\n}\n#banner-1788587869 .bg.bg-loaded {\n  background-image: url(https:\/\/carmelarosso.es\/wp-content\/uploads\/2022\/07\/1920x600-Carmela-Rosso-ropa-de-mujer-en-Madrid-2-1.jpg);\n}\n#banner-1788587869 .bg {\n  background-position: 63% 0%;\n}\n#banner-1788587869 .ux-shape-divider--top svg {\n  height: 150px;\n  --divider-top-width: 100%;\n}\n#banner-1788587869 .ux-shape-divider--bottom svg {\n  height: 150px;\n  --divider-width: 100%;\n}\n<\/style>\n  <\/div>\n\n\n<div class=\"container section-title-container\" ><h3 class=\"section-title section-title-center\"><b><\/b><span class=\"section-title-main\" style=\"font-size:undefined%;\">Collection Automne Hiver 2025\/26<\/span><b><\/b><\/h3><\/div>\n\n<div id=\"portfolio-1928351576\" class=\"portfolio-element-wrapper has-filtering\">\n  \n    <div id=\"portfolio-1928351576\" class=\"row large-columns-4 medium-columns-3 small-columns-1 row-collapse row-full-width row-masonry\" data-packery-options='{\"itemSelector\": \".col\", \"gutter\": 0, \"presentageWidth\" : true}'>\n\n    <div class=\"col\" data-terms=\"[&quot;Collection Automne Hiver 2025\/26&quot;]\" >\n          <div class=\"col-inner\" >\n          <a href=\"https:\/\/carmelarosso.es\/fr\/coleciones\/collection-automne-hiver-2025-26\/pull-a-manches-losanges\/\" class=\"plain \">\n          <div class=\"portfolio-box box has-hover box-overlay dark box-text-middle\">\n            <div class=\"box-image\" >\n                <div class=\"image-overlay-add-50 image-zoom image-cover\" style=\"padding-top:150%;\">\n                <img decoding=\"async\" width=\"1200\" height=\"1800\" src=\"https:\/\/carmelarosso.es\/wp-content\/uploads\/2025\/08\/CARMELA_ROSSO23509.jpg\" class=\"attachment-original size-original\" alt=\"\" srcset=\"https:\/\/carmelarosso.es\/wp-content\/uploads\/2025\/08\/CARMELA_ROSSO23509.jpg 1200w, https:\/\/carmelarosso.es\/wp-content\/uploads\/2025\/08\/CARMELA_ROSSO23509-267x400.jpg 267w, https:\/\/carmelarosso.es\/wp-content\/uploads\/2025\/08\/CARMELA_ROSSO23509-533x800.jpg 533w, https:\/\/carmelarosso.es\/wp-content\/uploads\/2025\/08\/CARMELA_ROSSO23509-768x1152.jpg 768w, https:\/\/carmelarosso.es\/wp-content\/uploads\/2025\/08\/CARMELA_ROSSO23509-1024x1536.jpg 1024w, https:\/\/carmelarosso.es\/wp-content\/uploads\/2025\/08\/CARMELA_ROSSO23509-900x1350.jpg 900w, https:\/\/carmelarosso.es\/wp-content\/uploads\/2025\/08\/CARMELA_ROSSO23509-600x900.jpg 600w\" sizes=\"(max-width: 1200px) 100vw, 1200px\" \/>                <div class=\"overlay\" style=\"background-color:1\"><\/div>                                <\/div>\n            <\/div>\n            <div class=\"box-text show-on-hover hover-slide text-center is-large\" >\n                  <div class=\"box-text-inner\">\n                      <h6 class=\"uppercase portfolio-box-title\">Pull \u00e0 manches losanges<\/h6>\n                      <p class=\"uppercase portfolio-box-category is-xsmall op-6\">\n                        <span class=\"show-on-hover\">\n                         Collection Automne Hiver 2025\/26                        <\/span>\n                      <\/p>\n                  <\/div>\n            <\/div>\n           <\/div>\n           <\/a>\n           <\/div>\n           <\/div><div class=\"col\" data-terms=\"[&quot;Collection Automne Hiver 2025\/26&quot;]\" >\n          <div class=\"col-inner\" >\n          <a href=\"https:\/\/carmelarosso.es\/fr\/coleciones\/collection-automne-hiver-2025-26\/twin-set-fantaisie\/\" class=\"plain \">\n          <div class=\"portfolio-box box has-hover box-overlay dark box-text-middle\">\n            <div class=\"box-image\" >\n                <div class=\"image-overlay-add-50 image-zoom image-cover\" style=\"padding-top:150%;\">\n                <img decoding=\"async\" width=\"1200\" height=\"1800\" src=\"https:\/\/carmelarosso.es\/wp-content\/uploads\/2025\/08\/CARMELA_ROSSO25252.jpg\" class=\"attachment-original size-original\" alt=\"\" srcset=\"https:\/\/carmelarosso.es\/wp-content\/uploads\/2025\/08\/CARMELA_ROSSO25252.jpg 1200w, https:\/\/carmelarosso.es\/wp-content\/uploads\/2025\/08\/CARMELA_ROSSO25252-267x400.jpg 267w, https:\/\/carmelarosso.es\/wp-content\/uploads\/2025\/08\/CARMELA_ROSSO25252-533x800.jpg 533w, https:\/\/carmelarosso.es\/wp-content\/uploads\/2025\/08\/CARMELA_ROSSO25252-768x1152.jpg 768w, https:\/\/carmelarosso.es\/wp-content\/uploads\/2025\/08\/CARMELA_ROSSO25252-1024x1536.jpg 1024w, https:\/\/carmelarosso.es\/wp-content\/uploads\/2025\/08\/CARMELA_ROSSO25252-900x1350.jpg 900w, https:\/\/carmelarosso.es\/wp-content\/uploads\/2025\/08\/CARMELA_ROSSO25252-600x900.jpg 600w\" sizes=\"(max-width: 1200px) 100vw, 1200px\" \/>                <div class=\"overlay\" style=\"background-color:1\"><\/div>                                <\/div>\n            <\/div>\n            <div class=\"box-text show-on-hover hover-slide text-center is-large\" >\n                  <div class=\"box-text-inner\">\n                      <h6 class=\"uppercase portfolio-box-title\">Twin-set fantaisie<\/h6>\n                      <p class=\"uppercase portfolio-box-category is-xsmall op-6\">\n                        <span class=\"show-on-hover\">\n                         Collection Automne Hiver 2025\/26                        <\/span>\n                      <\/p>\n                  <\/div>\n            <\/div>\n           <\/div>\n           <\/a>\n           <\/div>\n           <\/div><div class=\"col\" data-terms=\"[&quot;Collection Automne Hiver 2025\/26&quot;]\" >\n          <div class=\"col-inner\" >\n          <a href=\"https:\/\/carmelarosso.es\/fr\/coleciones\/collection-automne-hiver-2025-26\/conjunto-chaqueta-camiseta\/\" class=\"plain \">\n          <div class=\"portfolio-box box has-hover box-overlay dark box-text-middle\">\n            <div class=\"box-image\" >\n                <div class=\"image-overlay-add-50 image-zoom image-cover\" style=\"padding-top:150%;\">\n                <img decoding=\"async\" width=\"1200\" height=\"1800\" src=\"https:\/\/carmelarosso.es\/wp-content\/uploads\/2025\/08\/CARMELA_ROSSO25352.jpg\" class=\"attachment-original size-original\" alt=\"\" srcset=\"https:\/\/carmelarosso.es\/wp-content\/uploads\/2025\/08\/CARMELA_ROSSO25352.jpg 1200w, https:\/\/carmelarosso.es\/wp-content\/uploads\/2025\/08\/CARMELA_ROSSO25352-267x400.jpg 267w, https:\/\/carmelarosso.es\/wp-content\/uploads\/2025\/08\/CARMELA_ROSSO25352-533x800.jpg 533w, https:\/\/carmelarosso.es\/wp-content\/uploads\/2025\/08\/CARMELA_ROSSO25352-768x1152.jpg 768w, https:\/\/carmelarosso.es\/wp-content\/uploads\/2025\/08\/CARMELA_ROSSO25352-1024x1536.jpg 1024w, https:\/\/carmelarosso.es\/wp-content\/uploads\/2025\/08\/CARMELA_ROSSO25352-900x1350.jpg 900w, https:\/\/carmelarosso.es\/wp-content\/uploads\/2025\/08\/CARMELA_ROSSO25352-600x900.jpg 600w\" sizes=\"(max-width: 1200px) 100vw, 1200px\" \/>                <div class=\"overlay\" style=\"background-color:1\"><\/div>                                <\/div>\n            <\/div>\n            <div class=\"box-text show-on-hover hover-slide text-center is-large\" >\n                  <div class=\"box-text-inner\">\n                      <h6 class=\"uppercase portfolio-box-title\">Conjunto Chaqueta + Camiseta<\/h6>\n                      <p class=\"uppercase portfolio-box-category is-xsmall op-6\">\n                        <span class=\"show-on-hover\">\n                         Collection Automne Hiver 2025\/26                        <\/span>\n                      <\/p>\n                  <\/div>\n            <\/div>\n           <\/div>\n           <\/a>\n           <\/div>\n           <\/div><div class=\"col\" data-terms=\"[&quot;Collection Automne Hiver 2025\/26&quot;]\" >\n          <div class=\"col-inner\" >\n          <a href=\"https:\/\/carmelarosso.es\/fr\/coleciones\/collection-automne-hiver-2025-26\/chemise-fantaisie-2\/\" class=\"plain \">\n          <div class=\"portfolio-box box has-hover box-overlay dark box-text-middle\">\n            <div class=\"box-image\" >\n                <div class=\"image-overlay-add-50 image-zoom image-cover\" style=\"padding-top:150%;\">\n                <img decoding=\"async\" width=\"1200\" height=\"1800\" src=\"https:\/\/carmelarosso.es\/wp-content\/uploads\/2025\/08\/CARMELA_ROSSO24025.jpg\" class=\"attachment-original size-original\" alt=\"\" srcset=\"https:\/\/carmelarosso.es\/wp-content\/uploads\/2025\/08\/CARMELA_ROSSO24025.jpg 1200w, https:\/\/carmelarosso.es\/wp-content\/uploads\/2025\/08\/CARMELA_ROSSO24025-267x400.jpg 267w, https:\/\/carmelarosso.es\/wp-content\/uploads\/2025\/08\/CARMELA_ROSSO24025-533x800.jpg 533w, https:\/\/carmelarosso.es\/wp-content\/uploads\/2025\/08\/CARMELA_ROSSO24025-768x1152.jpg 768w, https:\/\/carmelarosso.es\/wp-content\/uploads\/2025\/08\/CARMELA_ROSSO24025-1024x1536.jpg 1024w, https:\/\/carmelarosso.es\/wp-content\/uploads\/2025\/08\/CARMELA_ROSSO24025-900x1350.jpg 900w, https:\/\/carmelarosso.es\/wp-content\/uploads\/2025\/08\/CARMELA_ROSSO24025-600x900.jpg 600w\" sizes=\"(max-width: 1200px) 100vw, 1200px\" \/>                <div class=\"overlay\" style=\"background-color:1\"><\/div>                                <\/div>\n            <\/div>\n            <div class=\"box-text show-on-hover hover-slide text-center is-large\" >\n                  <div class=\"box-text-inner\">\n                      <h6 class=\"uppercase portfolio-box-title\">Chemise fantaisie<\/h6>\n                      <p class=\"uppercase portfolio-box-category is-xsmall op-6\">\n                        <span class=\"show-on-hover\">\n                         Collection Automne Hiver 2025\/26                        <\/span>\n                      <\/p>\n                  <\/div>\n            <\/div>\n           <\/div>\n           <\/a>\n           <\/div>\n           <\/div><div class=\"col\" data-terms=\"[&quot;Collection Automne Hiver 2025\/26&quot;]\" >\n          <div class=\"col-inner\" >\n          <a href=\"https:\/\/carmelarosso.es\/fr\/coleciones\/collection-automne-hiver-2025-26\/veste-a-carreaux-avec-poches\/\" class=\"plain \">\n          <div class=\"portfolio-box box has-hover box-overlay dark box-text-middle\">\n            <div class=\"box-image\" >\n                <div class=\"image-overlay-add-50 image-zoom image-cover\" style=\"padding-top:150%;\">\n                <img decoding=\"async\" width=\"1200\" height=\"1800\" src=\"https:\/\/carmelarosso.es\/wp-content\/uploads\/2025\/08\/CARMELA_ROSSO23985.jpg\" class=\"attachment-original size-original\" alt=\"\" srcset=\"https:\/\/carmelarosso.es\/wp-content\/uploads\/2025\/08\/CARMELA_ROSSO23985.jpg 1200w, https:\/\/carmelarosso.es\/wp-content\/uploads\/2025\/08\/CARMELA_ROSSO23985-267x400.jpg 267w, https:\/\/carmelarosso.es\/wp-content\/uploads\/2025\/08\/CARMELA_ROSSO23985-533x800.jpg 533w, https:\/\/carmelarosso.es\/wp-content\/uploads\/2025\/08\/CARMELA_ROSSO23985-768x1152.jpg 768w, https:\/\/carmelarosso.es\/wp-content\/uploads\/2025\/08\/CARMELA_ROSSO23985-1024x1536.jpg 1024w, https:\/\/carmelarosso.es\/wp-content\/uploads\/2025\/08\/CARMELA_ROSSO23985-900x1350.jpg 900w, https:\/\/carmelarosso.es\/wp-content\/uploads\/2025\/08\/CARMELA_ROSSO23985-600x900.jpg 600w\" sizes=\"(max-width: 1200px) 100vw, 1200px\" \/>                <div class=\"overlay\" style=\"background-color:1\"><\/div>                                <\/div>\n            <\/div>\n            <div class=\"box-text show-on-hover hover-slide text-center is-large\" >\n                  <div class=\"box-text-inner\">\n                      <h6 class=\"uppercase portfolio-box-title\">Veste \u00e0 carreaux avec poches<\/h6>\n                      <p class=\"uppercase portfolio-box-category is-xsmall op-6\">\n                        <span class=\"show-on-hover\">\n                         Collection Automne Hiver 2025\/26                        <\/span>\n                      <\/p>\n                  <\/div>\n            <\/div>\n           <\/div>\n           <\/a>\n           <\/div>\n           <\/div><div class=\"col\" data-terms=\"[&quot;Collection Automne Hiver 2025\/26&quot;]\" >\n          <div class=\"col-inner\" >\n          <a href=\"https:\/\/carmelarosso.es\/fr\/coleciones\/collection-automne-hiver-2025-26\/manteau-long-a-capuche\/\" class=\"plain \">\n          <div class=\"portfolio-box box has-hover box-overlay dark box-text-middle\">\n            <div class=\"box-image\" >\n                <div class=\"image-overlay-add-50 image-zoom image-cover\" style=\"padding-top:150%;\">\n                <img decoding=\"async\" width=\"1200\" height=\"1800\" src=\"https:\/\/carmelarosso.es\/wp-content\/uploads\/2025\/08\/CARMELA_ROSSO25789.jpg\" class=\"attachment-original size-original\" alt=\"\" srcset=\"https:\/\/carmelarosso.es\/wp-content\/uploads\/2025\/08\/CARMELA_ROSSO25789.jpg 1200w, https:\/\/carmelarosso.es\/wp-content\/uploads\/2025\/08\/CARMELA_ROSSO25789-267x400.jpg 267w, https:\/\/carmelarosso.es\/wp-content\/uploads\/2025\/08\/CARMELA_ROSSO25789-533x800.jpg 533w, https:\/\/carmelarosso.es\/wp-content\/uploads\/2025\/08\/CARMELA_ROSSO25789-768x1152.jpg 768w, https:\/\/carmelarosso.es\/wp-content\/uploads\/2025\/08\/CARMELA_ROSSO25789-1024x1536.jpg 1024w, https:\/\/carmelarosso.es\/wp-content\/uploads\/2025\/08\/CARMELA_ROSSO25789-900x1350.jpg 900w, https:\/\/carmelarosso.es\/wp-content\/uploads\/2025\/08\/CARMELA_ROSSO25789-600x900.jpg 600w\" sizes=\"(max-width: 1200px) 100vw, 1200px\" \/>                <div class=\"overlay\" style=\"background-color:1\"><\/div>                                <\/div>\n            <\/div>\n            <div class=\"box-text show-on-hover hover-slide text-center is-large\" >\n                  <div class=\"box-text-inner\">\n                      <h6 class=\"uppercase portfolio-box-title\">Manteau long \u00e0 capuche<\/h6>\n                      <p class=\"uppercase portfolio-box-category is-xsmall op-6\">\n                        <span class=\"show-on-hover\">\n                         Collection Automne Hiver 2025\/26                        <\/span>\n                      <\/p>\n                  <\/div>\n            <\/div>\n           <\/div>\n           <\/a>\n           <\/div>\n           <\/div><div class=\"col\" data-terms=\"[&quot;Collection Automne Hiver 2025\/26&quot;]\" >\n          <div class=\"col-inner\" >\n          <a href=\"https:\/\/carmelarosso.es\/fr\/coleciones\/collection-automne-hiver-2025-26\/costume-devenements-fantastiques\/\" class=\"plain \">\n          <div class=\"portfolio-box box has-hover box-overlay dark box-text-middle\">\n            <div class=\"box-image\" >\n                <div class=\"image-overlay-add-50 image-zoom image-cover\" style=\"padding-top:150%;\">\n                <img decoding=\"async\" width=\"1200\" height=\"1800\" src=\"https:\/\/carmelarosso.es\/wp-content\/uploads\/2025\/08\/CARMELA_ROSSO25757.jpg\" class=\"attachment-original size-original\" alt=\"\" srcset=\"https:\/\/carmelarosso.es\/wp-content\/uploads\/2025\/08\/CARMELA_ROSSO25757.jpg 1200w, https:\/\/carmelarosso.es\/wp-content\/uploads\/2025\/08\/CARMELA_ROSSO25757-267x400.jpg 267w, https:\/\/carmelarosso.es\/wp-content\/uploads\/2025\/08\/CARMELA_ROSSO25757-533x800.jpg 533w, https:\/\/carmelarosso.es\/wp-content\/uploads\/2025\/08\/CARMELA_ROSSO25757-768x1152.jpg 768w, https:\/\/carmelarosso.es\/wp-content\/uploads\/2025\/08\/CARMELA_ROSSO25757-1024x1536.jpg 1024w, https:\/\/carmelarosso.es\/wp-content\/uploads\/2025\/08\/CARMELA_ROSSO25757-900x1350.jpg 900w, https:\/\/carmelarosso.es\/wp-content\/uploads\/2025\/08\/CARMELA_ROSSO25757-600x900.jpg 600w\" sizes=\"(max-width: 1200px) 100vw, 1200px\" \/>                <div class=\"overlay\" style=\"background-color:1\"><\/div>                                <\/div>\n            <\/div>\n            <div class=\"box-text show-on-hover hover-slide text-center is-large\" >\n                  <div class=\"box-text-inner\">\n                      <h6 class=\"uppercase portfolio-box-title\">Costume d&rsquo;\u00e9v\u00e9nements fantastiques<\/h6>\n                      <p class=\"uppercase portfolio-box-category is-xsmall op-6\">\n                        <span class=\"show-on-hover\">\n                         Collection Automne Hiver 2025\/26                        <\/span>\n                      <\/p>\n                  <\/div>\n            <\/div>\n           <\/div>\n           <\/a>\n           <\/div>\n           <\/div><div class=\"col\" data-terms=\"[&quot;Collection Automne Hiver 2025\/26&quot;]\" >\n          <div class=\"col-inner\" >\n          <a href=\"https:\/\/carmelarosso.es\/fr\/coleciones\/collection-automne-hiver-2025-26\/points-de-costume\/\" class=\"plain \">\n          <div class=\"portfolio-box box has-hover box-overlay dark box-text-middle\">\n            <div class=\"box-image\" >\n                <div class=\"image-overlay-add-50 image-zoom image-cover\" style=\"padding-top:150%;\">\n                <img decoding=\"async\" width=\"1200\" height=\"1800\" src=\"https:\/\/carmelarosso.es\/wp-content\/uploads\/2025\/08\/CARMELA_ROSSO25711.jpg\" class=\"attachment-original size-original\" alt=\"\" srcset=\"https:\/\/carmelarosso.es\/wp-content\/uploads\/2025\/08\/CARMELA_ROSSO25711.jpg 1200w, https:\/\/carmelarosso.es\/wp-content\/uploads\/2025\/08\/CARMELA_ROSSO25711-267x400.jpg 267w, https:\/\/carmelarosso.es\/wp-content\/uploads\/2025\/08\/CARMELA_ROSSO25711-533x800.jpg 533w, https:\/\/carmelarosso.es\/wp-content\/uploads\/2025\/08\/CARMELA_ROSSO25711-768x1152.jpg 768w, https:\/\/carmelarosso.es\/wp-content\/uploads\/2025\/08\/CARMELA_ROSSO25711-1024x1536.jpg 1024w, https:\/\/carmelarosso.es\/wp-content\/uploads\/2025\/08\/CARMELA_ROSSO25711-900x1350.jpg 900w, https:\/\/carmelarosso.es\/wp-content\/uploads\/2025\/08\/CARMELA_ROSSO25711-600x900.jpg 600w\" sizes=\"(max-width: 1200px) 100vw, 1200px\" \/>                <div class=\"overlay\" style=\"background-color:1\"><\/div>                                <\/div>\n            <\/div>\n            <div class=\"box-text show-on-hover hover-slide text-center is-large\" >\n                  <div class=\"box-text-inner\">\n                      <h6 class=\"uppercase portfolio-box-title\">Points de costume<\/h6>\n                      <p class=\"uppercase portfolio-box-category is-xsmall op-6\">\n                        <span class=\"show-on-hover\">\n                         Collection Automne Hiver 2025\/26                        <\/span>\n                      <\/p>\n                  <\/div>\n            <\/div>\n           <\/div>\n           <\/a>\n           <\/div>\n           <\/div><div class=\"col\" data-terms=\"[&quot;Collection Automne Hiver 2025\/26&quot;]\" >\n          <div class=\"col-inner\" >\n          <a href=\"https:\/\/carmelarosso.es\/fr\/coleciones\/collection-automne-hiver-2025-26\/costume-de-direction-beige\/\" class=\"plain \">\n          <div class=\"portfolio-box box has-hover box-overlay dark box-text-middle\">\n            <div class=\"box-image\" >\n                <div class=\"image-overlay-add-50 image-zoom image-cover\" style=\"padding-top:150%;\">\n                <img decoding=\"async\" width=\"1200\" height=\"1800\" src=\"https:\/\/carmelarosso.es\/wp-content\/uploads\/2025\/08\/CARMELA_ROSSO24384.jpg\" class=\"attachment-original size-original\" alt=\"\" srcset=\"https:\/\/carmelarosso.es\/wp-content\/uploads\/2025\/08\/CARMELA_ROSSO24384.jpg 1200w, https:\/\/carmelarosso.es\/wp-content\/uploads\/2025\/08\/CARMELA_ROSSO24384-267x400.jpg 267w, https:\/\/carmelarosso.es\/wp-content\/uploads\/2025\/08\/CARMELA_ROSSO24384-533x800.jpg 533w, https:\/\/carmelarosso.es\/wp-content\/uploads\/2025\/08\/CARMELA_ROSSO24384-768x1152.jpg 768w, https:\/\/carmelarosso.es\/wp-content\/uploads\/2025\/08\/CARMELA_ROSSO24384-1024x1536.jpg 1024w, https:\/\/carmelarosso.es\/wp-content\/uploads\/2025\/08\/CARMELA_ROSSO24384-900x1350.jpg 900w, https:\/\/carmelarosso.es\/wp-content\/uploads\/2025\/08\/CARMELA_ROSSO24384-600x900.jpg 600w\" sizes=\"(max-width: 1200px) 100vw, 1200px\" \/>                <div class=\"overlay\" style=\"background-color:1\"><\/div>                                <\/div>\n            <\/div>\n            <div class=\"box-text show-on-hover hover-slide text-center is-large\" >\n                  <div class=\"box-text-inner\">\n                      <h6 class=\"uppercase portfolio-box-title\">Costume de direction beige<\/h6>\n                      <p class=\"uppercase portfolio-box-category is-xsmall op-6\">\n                        <span class=\"show-on-hover\">\n                         Collection Automne Hiver 2025\/26                        <\/span>\n                      <\/p>\n                  <\/div>\n            <\/div>\n           <\/div>\n           <\/a>\n           <\/div>\n           <\/div><div class=\"col\" data-terms=\"[&quot;Collection Automne Hiver 2025\/26&quot;]\" >\n          <div class=\"col-inner\" >\n          <a href=\"https:\/\/carmelarosso.es\/fr\/coleciones\/collection-automne-hiver-2025-26\/costume-a-carreaux\/\" class=\"plain \">\n          <div class=\"portfolio-box box has-hover box-overlay dark box-text-middle\">\n            <div class=\"box-image\" >\n                <div class=\"image-overlay-add-50 image-zoom image-cover\" style=\"padding-top:150%;\">\n                <img decoding=\"async\" width=\"1200\" height=\"1800\" src=\"https:\/\/carmelarosso.es\/wp-content\/uploads\/2025\/08\/CARMELA_ROSSO25637.jpg\" class=\"attachment-original size-original\" alt=\"\" srcset=\"https:\/\/carmelarosso.es\/wp-content\/uploads\/2025\/08\/CARMELA_ROSSO25637.jpg 1200w, https:\/\/carmelarosso.es\/wp-content\/uploads\/2025\/08\/CARMELA_ROSSO25637-267x400.jpg 267w, https:\/\/carmelarosso.es\/wp-content\/uploads\/2025\/08\/CARMELA_ROSSO25637-533x800.jpg 533w, https:\/\/carmelarosso.es\/wp-content\/uploads\/2025\/08\/CARMELA_ROSSO25637-768x1152.jpg 768w, https:\/\/carmelarosso.es\/wp-content\/uploads\/2025\/08\/CARMELA_ROSSO25637-1024x1536.jpg 1024w, https:\/\/carmelarosso.es\/wp-content\/uploads\/2025\/08\/CARMELA_ROSSO25637-900x1350.jpg 900w, https:\/\/carmelarosso.es\/wp-content\/uploads\/2025\/08\/CARMELA_ROSSO25637-600x900.jpg 600w\" sizes=\"(max-width: 1200px) 100vw, 1200px\" \/>                <div class=\"overlay\" style=\"background-color:1\"><\/div>                                <\/div>\n            <\/div>\n            <div class=\"box-text show-on-hover hover-slide text-center is-large\" >\n                  <div class=\"box-text-inner\">\n                      <h6 class=\"uppercase portfolio-box-title\">Costume \u00e0 carreaux<\/h6>\n                      <p class=\"uppercase portfolio-box-category is-xsmall op-6\">\n                        <span class=\"show-on-hover\">\n                         Collection Automne Hiver 2025\/26                        <\/span>\n                      <\/p>\n                  <\/div>\n            <\/div>\n           <\/div>\n           <\/a>\n           <\/div>\n           <\/div><div class=\"col\" data-terms=\"[&quot;Collection Automne Hiver 2025\/26&quot;]\" >\n          <div class=\"col-inner\" >\n          <a href=\"https:\/\/carmelarosso.es\/fr\/coleciones\/collection-automne-hiver-2025-26\/manteau-avec-imprimes\/\" class=\"plain \">\n          <div class=\"portfolio-box box has-hover box-overlay dark box-text-middle\">\n            <div class=\"box-image\" >\n                <div class=\"image-overlay-add-50 image-zoom image-cover\" style=\"padding-top:150%;\">\n                <img decoding=\"async\" width=\"1200\" height=\"1800\" src=\"https:\/\/carmelarosso.es\/wp-content\/uploads\/2025\/08\/CARMELA_ROSSO25687-C.jpg\" class=\"attachment-original size-original\" alt=\"\" srcset=\"https:\/\/carmelarosso.es\/wp-content\/uploads\/2025\/08\/CARMELA_ROSSO25687-C.jpg 1200w, https:\/\/carmelarosso.es\/wp-content\/uploads\/2025\/08\/CARMELA_ROSSO25687-C-267x400.jpg 267w, https:\/\/carmelarosso.es\/wp-content\/uploads\/2025\/08\/CARMELA_ROSSO25687-C-533x800.jpg 533w, https:\/\/carmelarosso.es\/wp-content\/uploads\/2025\/08\/CARMELA_ROSSO25687-C-768x1152.jpg 768w, https:\/\/carmelarosso.es\/wp-content\/uploads\/2025\/08\/CARMELA_ROSSO25687-C-1024x1536.jpg 1024w, https:\/\/carmelarosso.es\/wp-content\/uploads\/2025\/08\/CARMELA_ROSSO25687-C-900x1350.jpg 900w, https:\/\/carmelarosso.es\/wp-content\/uploads\/2025\/08\/CARMELA_ROSSO25687-C-600x900.jpg 600w\" sizes=\"(max-width: 1200px) 100vw, 1200px\" \/>                <div class=\"overlay\" style=\"background-color:1\"><\/div>                                <\/div>\n            <\/div>\n            <div class=\"box-text show-on-hover hover-slide text-center is-large\" >\n                  <div class=\"box-text-inner\">\n                      <h6 class=\"uppercase portfolio-box-title\">Manteau avec imprim\u00e9s<\/h6>\n                      <p class=\"uppercase portfolio-box-category is-xsmall op-6\">\n                        <span class=\"show-on-hover\">\n                         Collection Automne Hiver 2025\/26                        <\/span>\n                      <\/p>\n                  <\/div>\n            <\/div>\n           <\/div>\n           <\/a>\n           <\/div>\n           <\/div><div class=\"col\" data-terms=\"[&quot;Collection Automne Hiver 2025\/26&quot;]\" >\n          <div class=\"col-inner\" >\n          <a href=\"https:\/\/carmelarosso.es\/fr\/coleciones\/collection-automne-hiver-2025-26\/manteau-veste-en-fourrure\/\" class=\"plain \">\n          <div class=\"portfolio-box box has-hover box-overlay dark box-text-middle\">\n            <div class=\"box-image\" >\n                <div class=\"image-overlay-add-50 image-zoom image-cover\" style=\"padding-top:150%;\">\n                <img decoding=\"async\" width=\"1200\" height=\"1800\" src=\"https:\/\/carmelarosso.es\/wp-content\/uploads\/2025\/08\/CARMELA_ROSSO25631.jpg\" class=\"attachment-original size-original\" alt=\"\" srcset=\"https:\/\/carmelarosso.es\/wp-content\/uploads\/2025\/08\/CARMELA_ROSSO25631.jpg 1200w, https:\/\/carmelarosso.es\/wp-content\/uploads\/2025\/08\/CARMELA_ROSSO25631-267x400.jpg 267w, https:\/\/carmelarosso.es\/wp-content\/uploads\/2025\/08\/CARMELA_ROSSO25631-533x800.jpg 533w, https:\/\/carmelarosso.es\/wp-content\/uploads\/2025\/08\/CARMELA_ROSSO25631-768x1152.jpg 768w, https:\/\/carmelarosso.es\/wp-content\/uploads\/2025\/08\/CARMELA_ROSSO25631-1024x1536.jpg 1024w, https:\/\/carmelarosso.es\/wp-content\/uploads\/2025\/08\/CARMELA_ROSSO25631-900x1350.jpg 900w, https:\/\/carmelarosso.es\/wp-content\/uploads\/2025\/08\/CARMELA_ROSSO25631-600x900.jpg 600w\" sizes=\"(max-width: 1200px) 100vw, 1200px\" \/>                <div class=\"overlay\" style=\"background-color:1\"><\/div>                                <\/div>\n            <\/div>\n            <div class=\"box-text show-on-hover hover-slide text-center is-large\" >\n                  <div class=\"box-text-inner\">\n                      <h6 class=\"uppercase portfolio-box-title\">Manteau\/veste en fourrure<\/h6>\n                      <p class=\"uppercase portfolio-box-category is-xsmall op-6\">\n                        <span class=\"show-on-hover\">\n                         Collection Automne Hiver 2025\/26                        <\/span>\n                      <\/p>\n                  <\/div>\n            <\/div>\n           <\/div>\n           <\/a>\n           <\/div>\n           <\/div><div class=\"col\" data-terms=\"[&quot;Collection Automne Hiver 2025\/26&quot;]\" >\n          <div class=\"col-inner\" >\n          <a href=\"https:\/\/carmelarosso.es\/fr\/coleciones\/collection-automne-hiver-2025-26\/manteau\/\" class=\"plain \">\n          <div class=\"portfolio-box box has-hover box-overlay dark box-text-middle\">\n            <div class=\"box-image\" >\n                <div class=\"image-overlay-add-50 image-zoom image-cover\" style=\"padding-top:150%;\">\n                <img decoding=\"async\" width=\"1200\" height=\"1800\" src=\"https:\/\/carmelarosso.es\/wp-content\/uploads\/2025\/08\/CARMELA_ROSSO25589.jpg\" class=\"attachment-original size-original\" alt=\"\" srcset=\"https:\/\/carmelarosso.es\/wp-content\/uploads\/2025\/08\/CARMELA_ROSSO25589.jpg 1200w, https:\/\/carmelarosso.es\/wp-content\/uploads\/2025\/08\/CARMELA_ROSSO25589-267x400.jpg 267w, https:\/\/carmelarosso.es\/wp-content\/uploads\/2025\/08\/CARMELA_ROSSO25589-533x800.jpg 533w, https:\/\/carmelarosso.es\/wp-content\/uploads\/2025\/08\/CARMELA_ROSSO25589-768x1152.jpg 768w, https:\/\/carmelarosso.es\/wp-content\/uploads\/2025\/08\/CARMELA_ROSSO25589-1024x1536.jpg 1024w, https:\/\/carmelarosso.es\/wp-content\/uploads\/2025\/08\/CARMELA_ROSSO25589-900x1350.jpg 900w, https:\/\/carmelarosso.es\/wp-content\/uploads\/2025\/08\/CARMELA_ROSSO25589-600x900.jpg 600w\" sizes=\"(max-width: 1200px) 100vw, 1200px\" \/>                <div class=\"overlay\" style=\"background-color:1\"><\/div>                                <\/div>\n            <\/div>\n            <div class=\"box-text show-on-hover hover-slide text-center is-large\" >\n                  <div class=\"box-text-inner\">\n                      <h6 class=\"uppercase portfolio-box-title\">Manteau<\/h6>\n                      <p class=\"uppercase portfolio-box-category is-xsmall op-6\">\n                        <span class=\"show-on-hover\">\n                         Collection Automne Hiver 2025\/26                        <\/span>\n                      <\/p>\n                  <\/div>\n            <\/div>\n           <\/div>\n           <\/a>\n           <\/div>\n           <\/div><div class=\"col\" data-terms=\"[&quot;Collection Automne Hiver 2025\/26&quot;]\" >\n          <div class=\"col-inner\" >\n          <a href=\"https:\/\/carmelarosso.es\/fr\/coleciones\/collection-automne-hiver-2025-26\/parka-imprimee\/\" class=\"plain \">\n          <div class=\"portfolio-box box has-hover box-overlay dark box-text-middle\">\n            <div class=\"box-image\" >\n                <div class=\"image-overlay-add-50 image-zoom image-cover\" style=\"padding-top:150%;\">\n                <img decoding=\"async\" width=\"1200\" height=\"1800\" src=\"https:\/\/carmelarosso.es\/wp-content\/uploads\/2025\/08\/CARMELA_ROSSO25528.jpg\" class=\"attachment-original size-original\" alt=\"\" srcset=\"https:\/\/carmelarosso.es\/wp-content\/uploads\/2025\/08\/CARMELA_ROSSO25528.jpg 1200w, https:\/\/carmelarosso.es\/wp-content\/uploads\/2025\/08\/CARMELA_ROSSO25528-267x400.jpg 267w, https:\/\/carmelarosso.es\/wp-content\/uploads\/2025\/08\/CARMELA_ROSSO25528-533x800.jpg 533w, https:\/\/carmelarosso.es\/wp-content\/uploads\/2025\/08\/CARMELA_ROSSO25528-768x1152.jpg 768w, https:\/\/carmelarosso.es\/wp-content\/uploads\/2025\/08\/CARMELA_ROSSO25528-1024x1536.jpg 1024w, https:\/\/carmelarosso.es\/wp-content\/uploads\/2025\/08\/CARMELA_ROSSO25528-900x1350.jpg 900w, https:\/\/carmelarosso.es\/wp-content\/uploads\/2025\/08\/CARMELA_ROSSO25528-600x900.jpg 600w\" sizes=\"(max-width: 1200px) 100vw, 1200px\" \/>                <div class=\"overlay\" style=\"background-color:1\"><\/div>                                <\/div>\n            <\/div>\n            <div class=\"box-text show-on-hover hover-slide text-center is-large\" >\n                  <div class=\"box-text-inner\">\n                      <h6 class=\"uppercase portfolio-box-title\">Parka imprim\u00e9e<\/h6>\n                      <p class=\"uppercase portfolio-box-category is-xsmall op-6\">\n                        <span class=\"show-on-hover\">\n                         Collection Automne Hiver 2025\/26                        <\/span>\n                      <\/p>\n                  <\/div>\n            <\/div>\n           <\/div>\n           <\/a>\n           <\/div>\n           <\/div><div class=\"col\" data-terms=\"[&quot;Collection Automne Hiver 2025\/26&quot;]\" >\n          <div class=\"col-inner\" >\n          <a href=\"https:\/\/carmelarosso.es\/fr\/coleciones\/collection-automne-hiver-2025-26\/manteau-long\/\" class=\"plain \">\n          <div class=\"portfolio-box box has-hover box-overlay dark box-text-middle\">\n            <div class=\"box-image\" >\n                <div class=\"image-overlay-add-50 image-zoom image-cover\" style=\"padding-top:150%;\">\n                <img decoding=\"async\" width=\"1200\" height=\"1800\" src=\"https:\/\/carmelarosso.es\/wp-content\/uploads\/2025\/08\/CARMELA_ROSSO25478.jpg\" class=\"attachment-original size-original\" alt=\"\" srcset=\"https:\/\/carmelarosso.es\/wp-content\/uploads\/2025\/08\/CARMELA_ROSSO25478.jpg 1200w, https:\/\/carmelarosso.es\/wp-content\/uploads\/2025\/08\/CARMELA_ROSSO25478-267x400.jpg 267w, https:\/\/carmelarosso.es\/wp-content\/uploads\/2025\/08\/CARMELA_ROSSO25478-533x800.jpg 533w, https:\/\/carmelarosso.es\/wp-content\/uploads\/2025\/08\/CARMELA_ROSSO25478-768x1152.jpg 768w, https:\/\/carmelarosso.es\/wp-content\/uploads\/2025\/08\/CARMELA_ROSSO25478-1024x1536.jpg 1024w, https:\/\/carmelarosso.es\/wp-content\/uploads\/2025\/08\/CARMELA_ROSSO25478-900x1350.jpg 900w, https:\/\/carmelarosso.es\/wp-content\/uploads\/2025\/08\/CARMELA_ROSSO25478-600x900.jpg 600w\" sizes=\"(max-width: 1200px) 100vw, 1200px\" \/>                <div class=\"overlay\" style=\"background-color:1\"><\/div>                                <\/div>\n            <\/div>\n            <div class=\"box-text show-on-hover hover-slide text-center is-large\" >\n                  <div class=\"box-text-inner\">\n                      <h6 class=\"uppercase portfolio-box-title\">Manteau long<\/h6>\n                      <p class=\"uppercase portfolio-box-category is-xsmall op-6\">\n                        <span class=\"show-on-hover\">\n                         Collection Automne Hiver 2025\/26                        <\/span>\n                      <\/p>\n                  <\/div>\n            <\/div>\n           <\/div>\n           <\/a>\n           <\/div>\n           <\/div><div class=\"col\" data-terms=\"[&quot;Collection Automne Hiver 2025\/26&quot;]\" >\n          <div class=\"col-inner\" >\n          <a href=\"https:\/\/carmelarosso.es\/fr\/coleciones\/collection-automne-hiver-2025-26\/gilet-long\/\" class=\"plain \">\n          <div class=\"portfolio-box box has-hover box-overlay dark box-text-middle\">\n            <div class=\"box-image\" >\n                <div class=\"image-overlay-add-50 image-zoom image-cover\" style=\"padding-top:150%;\">\n                <img decoding=\"async\" width=\"1200\" height=\"1800\" src=\"https:\/\/carmelarosso.es\/wp-content\/uploads\/2025\/08\/CARMELA_ROSSO25431.jpg\" class=\"attachment-original size-original\" alt=\"\" srcset=\"https:\/\/carmelarosso.es\/wp-content\/uploads\/2025\/08\/CARMELA_ROSSO25431.jpg 1200w, https:\/\/carmelarosso.es\/wp-content\/uploads\/2025\/08\/CARMELA_ROSSO25431-267x400.jpg 267w, https:\/\/carmelarosso.es\/wp-content\/uploads\/2025\/08\/CARMELA_ROSSO25431-533x800.jpg 533w, https:\/\/carmelarosso.es\/wp-content\/uploads\/2025\/08\/CARMELA_ROSSO25431-768x1152.jpg 768w, https:\/\/carmelarosso.es\/wp-content\/uploads\/2025\/08\/CARMELA_ROSSO25431-1024x1536.jpg 1024w, https:\/\/carmelarosso.es\/wp-content\/uploads\/2025\/08\/CARMELA_ROSSO25431-900x1350.jpg 900w, https:\/\/carmelarosso.es\/wp-content\/uploads\/2025\/08\/CARMELA_ROSSO25431-600x900.jpg 600w\" sizes=\"(max-width: 1200px) 100vw, 1200px\" \/>                <div class=\"overlay\" style=\"background-color:1\"><\/div>                                <\/div>\n            <\/div>\n            <div class=\"box-text show-on-hover hover-slide text-center is-large\" >\n                  <div class=\"box-text-inner\">\n                      <h6 class=\"uppercase portfolio-box-title\">Gilet long<\/h6>\n                      <p class=\"uppercase portfolio-box-category is-xsmall op-6\">\n                        <span class=\"show-on-hover\">\n                         Collection Automne Hiver 2025\/26                        <\/span>\n                      <\/p>\n                  <\/div>\n            <\/div>\n           <\/div>\n           <\/a>\n           <\/div>\n           <\/div><div class=\"col\" data-terms=\"[&quot;Collection Automne Hiver 2025\/26&quot;]\" >\n          <div class=\"col-inner\" >\n          <a href=\"https:\/\/carmelarosso.es\/fr\/coleciones\/collection-automne-hiver-2025-26\/manteau-2\/\" class=\"plain \">\n          <div class=\"portfolio-box box has-hover box-overlay dark box-text-middle\">\n            <div class=\"box-image\" >\n                <div class=\"image-overlay-add-50 image-zoom image-cover\" style=\"padding-top:150%;\">\n                <img decoding=\"async\" width=\"1200\" height=\"1800\" src=\"https:\/\/carmelarosso.es\/wp-content\/uploads\/2025\/08\/CARMELA_ROSSO25428.jpg\" class=\"attachment-original size-original\" alt=\"\" srcset=\"https:\/\/carmelarosso.es\/wp-content\/uploads\/2025\/08\/CARMELA_ROSSO25428.jpg 1200w, https:\/\/carmelarosso.es\/wp-content\/uploads\/2025\/08\/CARMELA_ROSSO25428-267x400.jpg 267w, https:\/\/carmelarosso.es\/wp-content\/uploads\/2025\/08\/CARMELA_ROSSO25428-533x800.jpg 533w, https:\/\/carmelarosso.es\/wp-content\/uploads\/2025\/08\/CARMELA_ROSSO25428-768x1152.jpg 768w, https:\/\/carmelarosso.es\/wp-content\/uploads\/2025\/08\/CARMELA_ROSSO25428-1024x1536.jpg 1024w, https:\/\/carmelarosso.es\/wp-content\/uploads\/2025\/08\/CARMELA_ROSSO25428-900x1350.jpg 900w, https:\/\/carmelarosso.es\/wp-content\/uploads\/2025\/08\/CARMELA_ROSSO25428-600x900.jpg 600w\" sizes=\"(max-width: 1200px) 100vw, 1200px\" \/>                <div class=\"overlay\" style=\"background-color:1\"><\/div>                                <\/div>\n            <\/div>\n            <div class=\"box-text show-on-hover hover-slide text-center is-large\" >\n                  <div class=\"box-text-inner\">\n                      <h6 class=\"uppercase portfolio-box-title\">Manteau<\/h6>\n                      <p class=\"uppercase portfolio-box-category is-xsmall op-6\">\n                        <span class=\"show-on-hover\">\n                         Collection Automne Hiver 2025\/26                        <\/span>\n                      <\/p>\n                  <\/div>\n            <\/div>\n           <\/div>\n           <\/a>\n           <\/div>\n           <\/div><div class=\"col\" data-terms=\"[&quot;Collection Automne Hiver 2025\/26&quot;]\" >\n          <div class=\"col-inner\" >\n          <a href=\"https:\/\/carmelarosso.es\/fr\/coleciones\/collection-automne-hiver-2025-26\/blouse-zippee-fantaisie\/\" class=\"plain \">\n          <div class=\"portfolio-box box has-hover box-overlay dark box-text-middle\">\n            <div class=\"box-image\" >\n                <div class=\"image-overlay-add-50 image-zoom image-cover\" style=\"padding-top:150%;\">\n                <img decoding=\"async\" width=\"1200\" height=\"1800\" src=\"https:\/\/carmelarosso.es\/wp-content\/uploads\/2025\/08\/CARMELA_ROSSO25300-C.jpg\" class=\"attachment-original size-original\" alt=\"\" srcset=\"https:\/\/carmelarosso.es\/wp-content\/uploads\/2025\/08\/CARMELA_ROSSO25300-C.jpg 1200w, https:\/\/carmelarosso.es\/wp-content\/uploads\/2025\/08\/CARMELA_ROSSO25300-C-267x400.jpg 267w, https:\/\/carmelarosso.es\/wp-content\/uploads\/2025\/08\/CARMELA_ROSSO25300-C-533x800.jpg 533w, https:\/\/carmelarosso.es\/wp-content\/uploads\/2025\/08\/CARMELA_ROSSO25300-C-768x1152.jpg 768w, https:\/\/carmelarosso.es\/wp-content\/uploads\/2025\/08\/CARMELA_ROSSO25300-C-1024x1536.jpg 1024w, https:\/\/carmelarosso.es\/wp-content\/uploads\/2025\/08\/CARMELA_ROSSO25300-C-900x1350.jpg 900w, https:\/\/carmelarosso.es\/wp-content\/uploads\/2025\/08\/CARMELA_ROSSO25300-C-600x900.jpg 600w\" sizes=\"(max-width: 1200px) 100vw, 1200px\" \/>                <div class=\"overlay\" style=\"background-color:1\"><\/div>                                <\/div>\n            <\/div>\n            <div class=\"box-text show-on-hover hover-slide text-center is-large\" >\n                  <div class=\"box-text-inner\">\n                      <h6 class=\"uppercase portfolio-box-title\">Blouse zipp\u00e9e fantaisie<\/h6>\n                      <p class=\"uppercase portfolio-box-category is-xsmall op-6\">\n                        <span class=\"show-on-hover\">\n                         Collection Automne Hiver 2025\/26                        <\/span>\n                      <\/p>\n                  <\/div>\n            <\/div>\n           <\/div>\n           <\/a>\n           <\/div>\n           <\/div><div class=\"col\" data-terms=\"[&quot;Collection Automne Hiver 2025\/26&quot;]\" >\n          <div class=\"col-inner\" >\n          <a href=\"https:\/\/carmelarosso.es\/fr\/coleciones\/collection-automne-hiver-2025-26\/chemisier-ethnique\/\" class=\"plain \">\n          <div class=\"portfolio-box box has-hover box-overlay dark box-text-middle\">\n            <div class=\"box-image\" >\n                <div class=\"image-overlay-add-50 image-zoom image-cover\" style=\"padding-top:150%;\">\n                <img decoding=\"async\" width=\"1200\" height=\"1800\" src=\"https:\/\/carmelarosso.es\/wp-content\/uploads\/2025\/08\/CARMELA_ROSSO25312-C.jpg\" class=\"attachment-original size-original\" alt=\"\" srcset=\"https:\/\/carmelarosso.es\/wp-content\/uploads\/2025\/08\/CARMELA_ROSSO25312-C.jpg 1200w, https:\/\/carmelarosso.es\/wp-content\/uploads\/2025\/08\/CARMELA_ROSSO25312-C-267x400.jpg 267w, https:\/\/carmelarosso.es\/wp-content\/uploads\/2025\/08\/CARMELA_ROSSO25312-C-533x800.jpg 533w, https:\/\/carmelarosso.es\/wp-content\/uploads\/2025\/08\/CARMELA_ROSSO25312-C-768x1152.jpg 768w, https:\/\/carmelarosso.es\/wp-content\/uploads\/2025\/08\/CARMELA_ROSSO25312-C-1024x1536.jpg 1024w, https:\/\/carmelarosso.es\/wp-content\/uploads\/2025\/08\/CARMELA_ROSSO25312-C-900x1350.jpg 900w, https:\/\/carmelarosso.es\/wp-content\/uploads\/2025\/08\/CARMELA_ROSSO25312-C-600x900.jpg 600w\" sizes=\"(max-width: 1200px) 100vw, 1200px\" \/>                <div class=\"overlay\" style=\"background-color:1\"><\/div>                                <\/div>\n            <\/div>\n            <div class=\"box-text show-on-hover hover-slide text-center is-large\" >\n                  <div class=\"box-text-inner\">\n                      <h6 class=\"uppercase portfolio-box-title\">Chemisier ethnique<\/h6>\n                      <p class=\"uppercase portfolio-box-category is-xsmall op-6\">\n                        <span class=\"show-on-hover\">\n                         Collection Automne Hiver 2025\/26                        <\/span>\n                      <\/p>\n                  <\/div>\n            <\/div>\n           <\/div>\n           <\/a>\n           <\/div>\n           <\/div><div class=\"col\" data-terms=\"[&quot;Collection Automne Hiver 2025\/26&quot;]\" >\n          <div class=\"col-inner\" >\n          <a href=\"https:\/\/carmelarosso.es\/fr\/coleciones\/collection-automne-hiver-2025-26\/manteau-3\/\" class=\"plain \">\n          <div class=\"portfolio-box box has-hover box-overlay dark box-text-middle\">\n            <div class=\"box-image\" >\n                <div class=\"image-overlay-add-50 image-zoom image-cover\" style=\"padding-top:150%;\">\n                <img decoding=\"async\" width=\"1200\" height=\"1800\" src=\"https:\/\/carmelarosso.es\/wp-content\/uploads\/2025\/08\/CARMELA_ROSSO25232.jpg\" class=\"attachment-original size-original\" alt=\"\" srcset=\"https:\/\/carmelarosso.es\/wp-content\/uploads\/2025\/08\/CARMELA_ROSSO25232.jpg 1200w, https:\/\/carmelarosso.es\/wp-content\/uploads\/2025\/08\/CARMELA_ROSSO25232-267x400.jpg 267w, https:\/\/carmelarosso.es\/wp-content\/uploads\/2025\/08\/CARMELA_ROSSO25232-533x800.jpg 533w, https:\/\/carmelarosso.es\/wp-content\/uploads\/2025\/08\/CARMELA_ROSSO25232-768x1152.jpg 768w, https:\/\/carmelarosso.es\/wp-content\/uploads\/2025\/08\/CARMELA_ROSSO25232-1024x1536.jpg 1024w, https:\/\/carmelarosso.es\/wp-content\/uploads\/2025\/08\/CARMELA_ROSSO25232-900x1350.jpg 900w, https:\/\/carmelarosso.es\/wp-content\/uploads\/2025\/08\/CARMELA_ROSSO25232-600x900.jpg 600w\" sizes=\"(max-width: 1200px) 100vw, 1200px\" \/>                <div class=\"overlay\" style=\"background-color:1\"><\/div>                                <\/div>\n            <\/div>\n            <div class=\"box-text show-on-hover hover-slide text-center is-large\" >\n                  <div class=\"box-text-inner\">\n                      <h6 class=\"uppercase portfolio-box-title\">Manteau<\/h6>\n                      <p class=\"uppercase portfolio-box-category is-xsmall op-6\">\n                        <span class=\"show-on-hover\">\n                         Collection Automne Hiver 2025\/26                        <\/span>\n                      <\/p>\n                  <\/div>\n            <\/div>\n           <\/div>\n           <\/a>\n           <\/div>\n           <\/div><div class=\"col\" data-terms=\"[&quot;Collection Automne Hiver 2025\/26&quot;]\" >\n          <div class=\"col-inner\" >\n          <a href=\"https:\/\/carmelarosso.es\/fr\/coleciones\/collection-automne-hiver-2025-26\/figurines-fantaisie-jersey\/\" class=\"plain \">\n          <div class=\"portfolio-box box has-hover box-overlay dark box-text-middle\">\n            <div class=\"box-image\" >\n                <div class=\"image-overlay-add-50 image-zoom image-cover\" style=\"padding-top:150%;\">\n                <img decoding=\"async\" width=\"1200\" height=\"1800\" src=\"https:\/\/carmelarosso.es\/wp-content\/uploads\/2025\/08\/CARMELA_ROSSO25201.jpg\" class=\"attachment-original size-original\" alt=\"\" srcset=\"https:\/\/carmelarosso.es\/wp-content\/uploads\/2025\/08\/CARMELA_ROSSO25201.jpg 1200w, https:\/\/carmelarosso.es\/wp-content\/uploads\/2025\/08\/CARMELA_ROSSO25201-267x400.jpg 267w, https:\/\/carmelarosso.es\/wp-content\/uploads\/2025\/08\/CARMELA_ROSSO25201-533x800.jpg 533w, https:\/\/carmelarosso.es\/wp-content\/uploads\/2025\/08\/CARMELA_ROSSO25201-768x1152.jpg 768w, https:\/\/carmelarosso.es\/wp-content\/uploads\/2025\/08\/CARMELA_ROSSO25201-1024x1536.jpg 1024w, https:\/\/carmelarosso.es\/wp-content\/uploads\/2025\/08\/CARMELA_ROSSO25201-900x1350.jpg 900w, https:\/\/carmelarosso.es\/wp-content\/uploads\/2025\/08\/CARMELA_ROSSO25201-600x900.jpg 600w\" sizes=\"(max-width: 1200px) 100vw, 1200px\" \/>                <div class=\"overlay\" style=\"background-color:1\"><\/div>                                <\/div>\n            <\/div>\n            <div class=\"box-text show-on-hover hover-slide text-center is-large\" >\n                  <div class=\"box-text-inner\">\n                      <h6 class=\"uppercase portfolio-box-title\">Figurines fantaisie Jersey<\/h6>\n                      <p class=\"uppercase portfolio-box-category is-xsmall op-6\">\n                        <span class=\"show-on-hover\">\n                         Collection Automne Hiver 2025\/26                        <\/span>\n                      <\/p>\n                  <\/div>\n            <\/div>\n           <\/div>\n           <\/a>\n           <\/div>\n           <\/div><div class=\"col\" data-terms=\"[&quot;Collection Automne Hiver 2025\/26&quot;]\" >\n          <div class=\"col-inner\" >\n          <a href=\"https:\/\/carmelarosso.es\/fr\/coleciones\/collection-automne-hiver-2025-26\/twin-set-fantaisie-2\/\" class=\"plain \">\n          <div class=\"portfolio-box box has-hover box-overlay dark box-text-middle\">\n            <div class=\"box-image\" >\n                <div class=\"image-overlay-add-50 image-zoom image-cover\" style=\"padding-top:150%;\">\n                <img decoding=\"async\" width=\"1200\" height=\"1800\" src=\"https:\/\/carmelarosso.es\/wp-content\/uploads\/2025\/08\/CARMELA_ROSSO25101-1-C.jpg\" class=\"attachment-original size-original\" alt=\"\" srcset=\"https:\/\/carmelarosso.es\/wp-content\/uploads\/2025\/08\/CARMELA_ROSSO25101-1-C.jpg 1200w, https:\/\/carmelarosso.es\/wp-content\/uploads\/2025\/08\/CARMELA_ROSSO25101-1-C-267x400.jpg 267w, https:\/\/carmelarosso.es\/wp-content\/uploads\/2025\/08\/CARMELA_ROSSO25101-1-C-533x800.jpg 533w, https:\/\/carmelarosso.es\/wp-content\/uploads\/2025\/08\/CARMELA_ROSSO25101-1-C-768x1152.jpg 768w, https:\/\/carmelarosso.es\/wp-content\/uploads\/2025\/08\/CARMELA_ROSSO25101-1-C-1024x1536.jpg 1024w, https:\/\/carmelarosso.es\/wp-content\/uploads\/2025\/08\/CARMELA_ROSSO25101-1-C-900x1350.jpg 900w, https:\/\/carmelarosso.es\/wp-content\/uploads\/2025\/08\/CARMELA_ROSSO25101-1-C-600x900.jpg 600w\" sizes=\"(max-width: 1200px) 100vw, 1200px\" \/>                <div class=\"overlay\" style=\"background-color:1\"><\/div>                                <\/div>\n            <\/div>\n            <div class=\"box-text show-on-hover hover-slide text-center is-large\" >\n                  <div class=\"box-text-inner\">\n                      <h6 class=\"uppercase portfolio-box-title\">Twin-set fantaisie<\/h6>\n                      <p class=\"uppercase portfolio-box-category is-xsmall op-6\">\n                        <span class=\"show-on-hover\">\n                         Collection Automne Hiver 2025\/26                        <\/span>\n                      <\/p>\n                  <\/div>\n            <\/div>\n           <\/div>\n           <\/a>\n           <\/div>\n           <\/div><div class=\"col\" data-terms=\"[&quot;Collection Automne Hiver 2025\/26&quot;]\" >\n          <div class=\"col-inner\" >\n          <a href=\"https:\/\/carmelarosso.es\/fr\/coleciones\/collection-automne-hiver-2025-26\/chemisier-gilet\/\" class=\"plain \">\n          <div class=\"portfolio-box box has-hover box-overlay dark box-text-middle\">\n            <div class=\"box-image\" >\n                <div class=\"image-overlay-add-50 image-zoom image-cover\" style=\"padding-top:150%;\">\n                <img decoding=\"async\" width=\"1200\" height=\"1800\" src=\"https:\/\/carmelarosso.es\/wp-content\/uploads\/2025\/08\/CARMELA_ROSSO25078.jpg\" class=\"attachment-original size-original\" alt=\"\" srcset=\"https:\/\/carmelarosso.es\/wp-content\/uploads\/2025\/08\/CARMELA_ROSSO25078.jpg 1200w, https:\/\/carmelarosso.es\/wp-content\/uploads\/2025\/08\/CARMELA_ROSSO25078-267x400.jpg 267w, https:\/\/carmelarosso.es\/wp-content\/uploads\/2025\/08\/CARMELA_ROSSO25078-533x800.jpg 533w, https:\/\/carmelarosso.es\/wp-content\/uploads\/2025\/08\/CARMELA_ROSSO25078-768x1152.jpg 768w, https:\/\/carmelarosso.es\/wp-content\/uploads\/2025\/08\/CARMELA_ROSSO25078-1024x1536.jpg 1024w, https:\/\/carmelarosso.es\/wp-content\/uploads\/2025\/08\/CARMELA_ROSSO25078-900x1350.jpg 900w, https:\/\/carmelarosso.es\/wp-content\/uploads\/2025\/08\/CARMELA_ROSSO25078-600x900.jpg 600w\" sizes=\"(max-width: 1200px) 100vw, 1200px\" \/>                <div class=\"overlay\" style=\"background-color:1\"><\/div>                                <\/div>\n            <\/div>\n            <div class=\"box-text show-on-hover hover-slide text-center is-large\" >\n                  <div class=\"box-text-inner\">\n                      <h6 class=\"uppercase portfolio-box-title\">Chemisier + Gilet<\/h6>\n                      <p class=\"uppercase portfolio-box-category is-xsmall op-6\">\n                        <span class=\"show-on-hover\">\n                         Collection Automne Hiver 2025\/26                        <\/span>\n                      <\/p>\n                  <\/div>\n            <\/div>\n           <\/div>\n           <\/a>\n           <\/div>\n           <\/div><div class=\"col\" data-terms=\"[&quot;Collection Automne Hiver 2025\/26&quot;]\" >\n          <div class=\"col-inner\" >\n          <a href=\"https:\/\/carmelarosso.es\/fr\/coleciones\/collection-automne-hiver-2025-26\/chemisier-cloute\/\" class=\"plain \">\n          <div class=\"portfolio-box box has-hover box-overlay dark box-text-middle\">\n            <div class=\"box-image\" >\n                <div class=\"image-overlay-add-50 image-zoom image-cover\" style=\"padding-top:150%;\">\n                <img decoding=\"async\" width=\"1200\" height=\"1800\" src=\"https:\/\/carmelarosso.es\/wp-content\/uploads\/2025\/08\/CARMELA_ROSSO25042.jpg\" class=\"attachment-original size-original\" alt=\"\" srcset=\"https:\/\/carmelarosso.es\/wp-content\/uploads\/2025\/08\/CARMELA_ROSSO25042.jpg 1200w, https:\/\/carmelarosso.es\/wp-content\/uploads\/2025\/08\/CARMELA_ROSSO25042-267x400.jpg 267w, https:\/\/carmelarosso.es\/wp-content\/uploads\/2025\/08\/CARMELA_ROSSO25042-533x800.jpg 533w, https:\/\/carmelarosso.es\/wp-content\/uploads\/2025\/08\/CARMELA_ROSSO25042-768x1152.jpg 768w, https:\/\/carmelarosso.es\/wp-content\/uploads\/2025\/08\/CARMELA_ROSSO25042-1024x1536.jpg 1024w, https:\/\/carmelarosso.es\/wp-content\/uploads\/2025\/08\/CARMELA_ROSSO25042-900x1350.jpg 900w, https:\/\/carmelarosso.es\/wp-content\/uploads\/2025\/08\/CARMELA_ROSSO25042-600x900.jpg 600w\" sizes=\"(max-width: 1200px) 100vw, 1200px\" \/>                <div class=\"overlay\" style=\"background-color:1\"><\/div>                                <\/div>\n            <\/div>\n            <div class=\"box-text show-on-hover hover-slide text-center is-large\" >\n                  <div class=\"box-text-inner\">\n                      <h6 class=\"uppercase portfolio-box-title\">Chemisier clout\u00e9<\/h6>\n                      <p class=\"uppercase portfolio-box-category is-xsmall op-6\">\n                        <span class=\"show-on-hover\">\n                         Collection Automne Hiver 2025\/26                        <\/span>\n                      <\/p>\n                  <\/div>\n            <\/div>\n           <\/div>\n           <\/a>\n           <\/div>\n           <\/div><div class=\"col\" data-terms=\"[&quot;Collection Automne Hiver 2025\/26&quot;]\" >\n          <div class=\"col-inner\" >\n          <a href=\"https:\/\/carmelarosso.es\/fr\/coleciones\/collection-automne-hiver-2025-26\/chemisier-avec-dentelle\/\" class=\"plain \">\n          <div class=\"portfolio-box box has-hover box-overlay dark box-text-middle\">\n            <div class=\"box-image\" >\n                <div class=\"image-overlay-add-50 image-zoom image-cover\" style=\"padding-top:150%;\">\n                <img decoding=\"async\" width=\"1200\" height=\"1800\" src=\"https:\/\/carmelarosso.es\/wp-content\/uploads\/2025\/08\/CARMELA_ROSSO25009.jpg\" class=\"attachment-original size-original\" alt=\"\" srcset=\"https:\/\/carmelarosso.es\/wp-content\/uploads\/2025\/08\/CARMELA_ROSSO25009.jpg 1200w, https:\/\/carmelarosso.es\/wp-content\/uploads\/2025\/08\/CARMELA_ROSSO25009-267x400.jpg 267w, https:\/\/carmelarosso.es\/wp-content\/uploads\/2025\/08\/CARMELA_ROSSO25009-533x800.jpg 533w, https:\/\/carmelarosso.es\/wp-content\/uploads\/2025\/08\/CARMELA_ROSSO25009-768x1152.jpg 768w, https:\/\/carmelarosso.es\/wp-content\/uploads\/2025\/08\/CARMELA_ROSSO25009-1024x1536.jpg 1024w, https:\/\/carmelarosso.es\/wp-content\/uploads\/2025\/08\/CARMELA_ROSSO25009-900x1350.jpg 900w, https:\/\/carmelarosso.es\/wp-content\/uploads\/2025\/08\/CARMELA_ROSSO25009-600x900.jpg 600w\" sizes=\"(max-width: 1200px) 100vw, 1200px\" \/>                <div class=\"overlay\" style=\"background-color:1\"><\/div>                                <\/div>\n            <\/div>\n            <div class=\"box-text show-on-hover hover-slide text-center is-large\" >\n                  <div class=\"box-text-inner\">\n                      <h6 class=\"uppercase portfolio-box-title\">Chemisier avec dentelle<\/h6>\n                      <p class=\"uppercase portfolio-box-category is-xsmall op-6\">\n                        <span class=\"show-on-hover\">\n                         Collection Automne Hiver 2025\/26                        <\/span>\n                      <\/p>\n                  <\/div>\n            <\/div>\n           <\/div>\n           <\/a>\n           <\/div>\n           <\/div><div class=\"col\" data-terms=\"[&quot;Collection Automne Hiver 2025\/26&quot;]\" >\n          <div class=\"col-inner\" >\n          <a href=\"https:\/\/carmelarosso.es\/fr\/coleciones\/collection-automne-hiver-2025-26\/costume-a-franges\/\" class=\"plain \">\n          <div class=\"portfolio-box box has-hover box-overlay dark box-text-middle\">\n            <div class=\"box-image\" >\n                <div class=\"image-overlay-add-50 image-zoom image-cover\" style=\"padding-top:150%;\">\n                <img decoding=\"async\" width=\"1200\" height=\"1800\" src=\"https:\/\/carmelarosso.es\/wp-content\/uploads\/2025\/08\/CARMELA_ROSSO24962.jpg\" class=\"attachment-original size-original\" alt=\"\" srcset=\"https:\/\/carmelarosso.es\/wp-content\/uploads\/2025\/08\/CARMELA_ROSSO24962.jpg 1200w, https:\/\/carmelarosso.es\/wp-content\/uploads\/2025\/08\/CARMELA_ROSSO24962-267x400.jpg 267w, https:\/\/carmelarosso.es\/wp-content\/uploads\/2025\/08\/CARMELA_ROSSO24962-533x800.jpg 533w, https:\/\/carmelarosso.es\/wp-content\/uploads\/2025\/08\/CARMELA_ROSSO24962-768x1152.jpg 768w, https:\/\/carmelarosso.es\/wp-content\/uploads\/2025\/08\/CARMELA_ROSSO24962-1024x1536.jpg 1024w, https:\/\/carmelarosso.es\/wp-content\/uploads\/2025\/08\/CARMELA_ROSSO24962-900x1350.jpg 900w, https:\/\/carmelarosso.es\/wp-content\/uploads\/2025\/08\/CARMELA_ROSSO24962-600x900.jpg 600w\" sizes=\"(max-width: 1200px) 100vw, 1200px\" \/>                <div class=\"overlay\" style=\"background-color:1\"><\/div>                                <\/div>\n            <\/div>\n            <div class=\"box-text show-on-hover hover-slide text-center is-large\" >\n                  <div class=\"box-text-inner\">\n                      <h6 class=\"uppercase portfolio-box-title\">Costume \u00e0 franges<\/h6>\n                      <p class=\"uppercase portfolio-box-category is-xsmall op-6\">\n                        <span class=\"show-on-hover\">\n                         Collection Automne Hiver 2025\/26                        <\/span>\n                      <\/p>\n                  <\/div>\n            <\/div>\n           <\/div>\n           <\/a>\n           <\/div>\n           <\/div><div class=\"col\" data-terms=\"[&quot;Collection Automne Hiver 2025\/26&quot;]\" >\n          <div class=\"col-inner\" >\n          <a href=\"https:\/\/carmelarosso.es\/fr\/coleciones\/collection-automne-hiver-2025-26\/manteau-en-tissu-fuchsia\/\" class=\"plain \">\n          <div class=\"portfolio-box box has-hover box-overlay dark box-text-middle\">\n            <div class=\"box-image\" >\n                <div class=\"image-overlay-add-50 image-zoom image-cover\" style=\"padding-top:150%;\">\n                <img decoding=\"async\" width=\"1200\" height=\"1800\" src=\"https:\/\/carmelarosso.es\/wp-content\/uploads\/2025\/08\/CARMELA_ROSSO24879-copia-2.jpg\" class=\"attachment-original size-original\" alt=\"\" srcset=\"https:\/\/carmelarosso.es\/wp-content\/uploads\/2025\/08\/CARMELA_ROSSO24879-copia-2.jpg 1200w, https:\/\/carmelarosso.es\/wp-content\/uploads\/2025\/08\/CARMELA_ROSSO24879-copia-2-267x400.jpg 267w, https:\/\/carmelarosso.es\/wp-content\/uploads\/2025\/08\/CARMELA_ROSSO24879-copia-2-533x800.jpg 533w, https:\/\/carmelarosso.es\/wp-content\/uploads\/2025\/08\/CARMELA_ROSSO24879-copia-2-768x1152.jpg 768w, https:\/\/carmelarosso.es\/wp-content\/uploads\/2025\/08\/CARMELA_ROSSO24879-copia-2-1024x1536.jpg 1024w, https:\/\/carmelarosso.es\/wp-content\/uploads\/2025\/08\/CARMELA_ROSSO24879-copia-2-900x1350.jpg 900w, https:\/\/carmelarosso.es\/wp-content\/uploads\/2025\/08\/CARMELA_ROSSO24879-copia-2-600x900.jpg 600w\" sizes=\"(max-width: 1200px) 100vw, 1200px\" \/>                <div class=\"overlay\" style=\"background-color:1\"><\/div>                                <\/div>\n            <\/div>\n            <div class=\"box-text show-on-hover hover-slide text-center is-large\" >\n                  <div class=\"box-text-inner\">\n                      <h6 class=\"uppercase portfolio-box-title\">Manteau en tissu fuchsia<\/h6>\n                      <p class=\"uppercase portfolio-box-category is-xsmall op-6\">\n                        <span class=\"show-on-hover\">\n                         Collection Automne Hiver 2025\/26                        <\/span>\n                      <\/p>\n                  <\/div>\n            <\/div>\n           <\/div>\n           <\/a>\n           <\/div>\n           <\/div><div class=\"col\" data-terms=\"[&quot;Collection Automne Hiver 2025\/26&quot;]\" >\n          <div class=\"col-inner\" >\n          <a href=\"https:\/\/carmelarosso.es\/fr\/coleciones\/collection-automne-hiver-2025-26\/manteau-en-drap-noir\/\" class=\"plain \">\n          <div class=\"portfolio-box box has-hover box-overlay dark box-text-middle\">\n            <div class=\"box-image\" >\n                <div class=\"image-overlay-add-50 image-zoom image-cover\" style=\"padding-top:150%;\">\n                <img decoding=\"async\" width=\"1200\" height=\"1800\" src=\"https:\/\/carmelarosso.es\/wp-content\/uploads\/2025\/08\/CARMELA_ROSSO24824.jpg\" class=\"attachment-original size-original\" alt=\"\" srcset=\"https:\/\/carmelarosso.es\/wp-content\/uploads\/2025\/08\/CARMELA_ROSSO24824.jpg 1200w, https:\/\/carmelarosso.es\/wp-content\/uploads\/2025\/08\/CARMELA_ROSSO24824-267x400.jpg 267w, https:\/\/carmelarosso.es\/wp-content\/uploads\/2025\/08\/CARMELA_ROSSO24824-533x800.jpg 533w, https:\/\/carmelarosso.es\/wp-content\/uploads\/2025\/08\/CARMELA_ROSSO24824-768x1152.jpg 768w, https:\/\/carmelarosso.es\/wp-content\/uploads\/2025\/08\/CARMELA_ROSSO24824-1024x1536.jpg 1024w, https:\/\/carmelarosso.es\/wp-content\/uploads\/2025\/08\/CARMELA_ROSSO24824-900x1350.jpg 900w, https:\/\/carmelarosso.es\/wp-content\/uploads\/2025\/08\/CARMELA_ROSSO24824-600x900.jpg 600w\" sizes=\"(max-width: 1200px) 100vw, 1200px\" \/>                <div class=\"overlay\" style=\"background-color:1\"><\/div>                                <\/div>\n            <\/div>\n            <div class=\"box-text show-on-hover hover-slide text-center is-large\" >\n                  <div class=\"box-text-inner\">\n                      <h6 class=\"uppercase portfolio-box-title\">Manteau en drap noir<\/h6>\n                      <p class=\"uppercase portfolio-box-category is-xsmall op-6\">\n                        <span class=\"show-on-hover\">\n                         Collection Automne Hiver 2025\/26                        <\/span>\n                      <\/p>\n                  <\/div>\n            <\/div>\n           <\/div>\n           <\/a>\n           <\/div>\n           <\/div><div class=\"col\" data-terms=\"[&quot;Collection Automne Hiver 2025\/26&quot;]\" >\n          <div class=\"col-inner\" >\n          <a href=\"https:\/\/carmelarosso.es\/fr\/coleciones\/collection-automne-hiver-2025-26\/manteau-a-capuche-2\/\" class=\"plain \">\n          <div class=\"portfolio-box box has-hover box-overlay dark box-text-middle\">\n            <div class=\"box-image\" >\n                <div class=\"image-overlay-add-50 image-zoom image-cover\" style=\"padding-top:150%;\">\n                <img decoding=\"async\" width=\"1200\" height=\"1800\" src=\"https:\/\/carmelarosso.es\/wp-content\/uploads\/2025\/08\/CARMELA_ROSSO24093.jpg\" class=\"attachment-original size-original\" alt=\"\" srcset=\"https:\/\/carmelarosso.es\/wp-content\/uploads\/2025\/08\/CARMELA_ROSSO24093.jpg 1200w, https:\/\/carmelarosso.es\/wp-content\/uploads\/2025\/08\/CARMELA_ROSSO24093-267x400.jpg 267w, https:\/\/carmelarosso.es\/wp-content\/uploads\/2025\/08\/CARMELA_ROSSO24093-533x800.jpg 533w, https:\/\/carmelarosso.es\/wp-content\/uploads\/2025\/08\/CARMELA_ROSSO24093-768x1152.jpg 768w, https:\/\/carmelarosso.es\/wp-content\/uploads\/2025\/08\/CARMELA_ROSSO24093-1024x1536.jpg 1024w, https:\/\/carmelarosso.es\/wp-content\/uploads\/2025\/08\/CARMELA_ROSSO24093-900x1350.jpg 900w, https:\/\/carmelarosso.es\/wp-content\/uploads\/2025\/08\/CARMELA_ROSSO24093-600x900.jpg 600w\" sizes=\"(max-width: 1200px) 100vw, 1200px\" \/>                <div class=\"overlay\" style=\"background-color:1\"><\/div>                                <\/div>\n            <\/div>\n            <div class=\"box-text show-on-hover hover-slide text-center is-large\" >\n                  <div class=\"box-text-inner\">\n                      <h6 class=\"uppercase portfolio-box-title\">Manteau \u00e0 capuche<\/h6>\n                      <p class=\"uppercase portfolio-box-category is-xsmall op-6\">\n                        <span class=\"show-on-hover\">\n                         Collection Automne Hiver 2025\/26                        <\/span>\n                      <\/p>\n                  <\/div>\n            <\/div>\n           <\/div>\n           <\/a>\n           <\/div>\n           <\/div><div class=\"col\" data-terms=\"[&quot;Collection Automne Hiver 2025\/26&quot;]\" >\n          <div class=\"col-inner\" >\n          <a href=\"https:\/\/carmelarosso.es\/fr\/coleciones\/collection-automne-hiver-2025-26\/pull-col-roule-fuchsia\/\" class=\"plain \">\n          <div class=\"portfolio-box box has-hover box-overlay dark box-text-middle\">\n            <div class=\"box-image\" >\n                <div class=\"image-overlay-add-50 image-zoom image-cover\" style=\"padding-top:150%;\">\n                <img decoding=\"async\" width=\"1200\" height=\"1800\" src=\"https:\/\/carmelarosso.es\/wp-content\/uploads\/2025\/08\/CARMELA_ROSSO23908.jpg\" class=\"attachment-original size-original\" alt=\"\" srcset=\"https:\/\/carmelarosso.es\/wp-content\/uploads\/2025\/08\/CARMELA_ROSSO23908.jpg 1200w, https:\/\/carmelarosso.es\/wp-content\/uploads\/2025\/08\/CARMELA_ROSSO23908-267x400.jpg 267w, https:\/\/carmelarosso.es\/wp-content\/uploads\/2025\/08\/CARMELA_ROSSO23908-533x800.jpg 533w, https:\/\/carmelarosso.es\/wp-content\/uploads\/2025\/08\/CARMELA_ROSSO23908-768x1152.jpg 768w, https:\/\/carmelarosso.es\/wp-content\/uploads\/2025\/08\/CARMELA_ROSSO23908-1024x1536.jpg 1024w, https:\/\/carmelarosso.es\/wp-content\/uploads\/2025\/08\/CARMELA_ROSSO23908-900x1350.jpg 900w, https:\/\/carmelarosso.es\/wp-content\/uploads\/2025\/08\/CARMELA_ROSSO23908-600x900.jpg 600w\" sizes=\"(max-width: 1200px) 100vw, 1200px\" \/>                <div class=\"overlay\" style=\"background-color:1\"><\/div>                                <\/div>\n            <\/div>\n            <div class=\"box-text show-on-hover hover-slide text-center is-large\" >\n                  <div class=\"box-text-inner\">\n                      <h6 class=\"uppercase portfolio-box-title\">Pull col roul\u00e9 fuchsia<\/h6>\n                      <p class=\"uppercase portfolio-box-category is-xsmall op-6\">\n                        <span class=\"show-on-hover\">\n                         Collection Automne Hiver 2025\/26                        <\/span>\n                      <\/p>\n                  <\/div>\n            <\/div>\n           <\/div>\n           <\/a>\n           <\/div>\n           <\/div><div class=\"col\" data-terms=\"[&quot;Collection Automne Hiver 2025\/26&quot;]\" >\n          <div class=\"col-inner\" >\n          <a href=\"https:\/\/carmelarosso.es\/fr\/coleciones\/collection-automne-hiver-2025-26\/manteau-en-drap-rouge\/\" class=\"plain \">\n          <div class=\"portfolio-box box has-hover box-overlay dark box-text-middle\">\n            <div class=\"box-image\" >\n                <div class=\"image-overlay-add-50 image-zoom image-cover\" style=\"padding-top:150%;\">\n                <img decoding=\"async\" width=\"1200\" height=\"1800\" src=\"https:\/\/carmelarosso.es\/wp-content\/uploads\/2025\/08\/CARMELA_ROSSO24814-C.jpg\" class=\"attachment-original size-original\" alt=\"\" srcset=\"https:\/\/carmelarosso.es\/wp-content\/uploads\/2025\/08\/CARMELA_ROSSO24814-C.jpg 1200w, https:\/\/carmelarosso.es\/wp-content\/uploads\/2025\/08\/CARMELA_ROSSO24814-C-267x400.jpg 267w, https:\/\/carmelarosso.es\/wp-content\/uploads\/2025\/08\/CARMELA_ROSSO24814-C-533x800.jpg 533w, https:\/\/carmelarosso.es\/wp-content\/uploads\/2025\/08\/CARMELA_ROSSO24814-C-768x1152.jpg 768w, https:\/\/carmelarosso.es\/wp-content\/uploads\/2025\/08\/CARMELA_ROSSO24814-C-1024x1536.jpg 1024w, https:\/\/carmelarosso.es\/wp-content\/uploads\/2025\/08\/CARMELA_ROSSO24814-C-900x1350.jpg 900w, https:\/\/carmelarosso.es\/wp-content\/uploads\/2025\/08\/CARMELA_ROSSO24814-C-600x900.jpg 600w\" sizes=\"(max-width: 1200px) 100vw, 1200px\" \/>                <div class=\"overlay\" style=\"background-color:1\"><\/div>                                <\/div>\n            <\/div>\n            <div class=\"box-text show-on-hover hover-slide text-center is-large\" >\n                  <div class=\"box-text-inner\">\n                      <h6 class=\"uppercase portfolio-box-title\">Manteau en drap rouge<\/h6>\n                      <p class=\"uppercase portfolio-box-category is-xsmall op-6\">\n                        <span class=\"show-on-hover\">\n                         Collection Automne Hiver 2025\/26                        <\/span>\n                      <\/p>\n                  <\/div>\n            <\/div>\n           <\/div>\n           <\/a>\n           <\/div>\n           <\/div><div class=\"col\" data-terms=\"[&quot;Collection Automne Hiver 2025\/26&quot;]\" >\n          <div class=\"col-inner\" >\n          <a href=\"https:\/\/carmelarosso.es\/fr\/coleciones\/collection-automne-hiver-2025-26\/pull-rouge-a-col-en-v\/\" class=\"plain \">\n          <div class=\"portfolio-box box has-hover box-overlay dark box-text-middle\">\n            <div class=\"box-image\" >\n                <div class=\"image-overlay-add-50 image-zoom image-cover\" style=\"padding-top:150%;\">\n                <img decoding=\"async\" width=\"1200\" height=\"1800\" src=\"https:\/\/carmelarosso.es\/wp-content\/uploads\/2025\/08\/CARMELA_ROSSO23869.jpg\" class=\"attachment-original size-original\" alt=\"\" srcset=\"https:\/\/carmelarosso.es\/wp-content\/uploads\/2025\/08\/CARMELA_ROSSO23869.jpg 1200w, https:\/\/carmelarosso.es\/wp-content\/uploads\/2025\/08\/CARMELA_ROSSO23869-267x400.jpg 267w, https:\/\/carmelarosso.es\/wp-content\/uploads\/2025\/08\/CARMELA_ROSSO23869-533x800.jpg 533w, https:\/\/carmelarosso.es\/wp-content\/uploads\/2025\/08\/CARMELA_ROSSO23869-768x1152.jpg 768w, https:\/\/carmelarosso.es\/wp-content\/uploads\/2025\/08\/CARMELA_ROSSO23869-1024x1536.jpg 1024w, https:\/\/carmelarosso.es\/wp-content\/uploads\/2025\/08\/CARMELA_ROSSO23869-900x1350.jpg 900w, https:\/\/carmelarosso.es\/wp-content\/uploads\/2025\/08\/CARMELA_ROSSO23869-600x900.jpg 600w\" sizes=\"(max-width: 1200px) 100vw, 1200px\" \/>                <div class=\"overlay\" style=\"background-color:1\"><\/div>                                <\/div>\n            <\/div>\n            <div class=\"box-text show-on-hover hover-slide text-center is-large\" >\n                  <div class=\"box-text-inner\">\n                      <h6 class=\"uppercase portfolio-box-title\">Pull rouge \u00e0 col en V<\/h6>\n                      <p class=\"uppercase portfolio-box-category is-xsmall op-6\">\n                        <span class=\"show-on-hover\">\n                         Collection Automne Hiver 2025\/26                        <\/span>\n                      <\/p>\n                  <\/div>\n            <\/div>\n           <\/div>\n           <\/a>\n           <\/div>\n           <\/div><div class=\"col\" data-terms=\"[&quot;Collection Automne Hiver 2025\/26&quot;]\" >\n          <div class=\"col-inner\" >\n          <a href=\"https:\/\/carmelarosso.es\/fr\/coleciones\/collection-automne-hiver-2025-26\/jersey\/\" class=\"plain \">\n          <div class=\"portfolio-box box has-hover box-overlay dark box-text-middle\">\n            <div class=\"box-image\" >\n                <div class=\"image-overlay-add-50 image-zoom image-cover\" style=\"padding-top:150%;\">\n                <img decoding=\"async\" width=\"1200\" height=\"1800\" src=\"https:\/\/carmelarosso.es\/wp-content\/uploads\/2025\/08\/CARMELA_ROSSO23865.jpg\" class=\"attachment-original size-original\" alt=\"\" srcset=\"https:\/\/carmelarosso.es\/wp-content\/uploads\/2025\/08\/CARMELA_ROSSO23865.jpg 1200w, https:\/\/carmelarosso.es\/wp-content\/uploads\/2025\/08\/CARMELA_ROSSO23865-267x400.jpg 267w, https:\/\/carmelarosso.es\/wp-content\/uploads\/2025\/08\/CARMELA_ROSSO23865-533x800.jpg 533w, https:\/\/carmelarosso.es\/wp-content\/uploads\/2025\/08\/CARMELA_ROSSO23865-768x1152.jpg 768w, https:\/\/carmelarosso.es\/wp-content\/uploads\/2025\/08\/CARMELA_ROSSO23865-1024x1536.jpg 1024w, https:\/\/carmelarosso.es\/wp-content\/uploads\/2025\/08\/CARMELA_ROSSO23865-900x1350.jpg 900w, https:\/\/carmelarosso.es\/wp-content\/uploads\/2025\/08\/CARMELA_ROSSO23865-600x900.jpg 600w\" sizes=\"(max-width: 1200px) 100vw, 1200px\" \/>                <div class=\"overlay\" style=\"background-color:1\"><\/div>                                <\/div>\n            <\/div>\n            <div class=\"box-text show-on-hover hover-slide text-center is-large\" >\n                  <div class=\"box-text-inner\">\n                      <h6 class=\"uppercase portfolio-box-title\">Jersey<\/h6>\n                      <p class=\"uppercase portfolio-box-category is-xsmall op-6\">\n                        <span class=\"show-on-hover\">\n                         Collection Automne Hiver 2025\/26                        <\/span>\n                      <\/p>\n                  <\/div>\n            <\/div>\n           <\/div>\n           <\/a>\n           <\/div>\n           <\/div><div class=\"col\" data-terms=\"[&quot;Collection Automne Hiver 2025\/26&quot;]\" >\n          <div class=\"col-inner\" >\n          <a href=\"https:\/\/carmelarosso.es\/fr\/coleciones\/collection-automne-hiver-2025-26\/blazer-avec-details-dores\/\" class=\"plain \">\n          <div class=\"portfolio-box box has-hover box-overlay dark box-text-middle\">\n            <div class=\"box-image\" >\n                <div class=\"image-overlay-add-50 image-zoom image-cover\" style=\"padding-top:150%;\">\n                <img decoding=\"async\" width=\"1200\" height=\"1800\" src=\"https:\/\/carmelarosso.es\/wp-content\/uploads\/2025\/08\/CARMELA_ROSSO24729.jpg\" class=\"attachment-original size-original\" alt=\"\" srcset=\"https:\/\/carmelarosso.es\/wp-content\/uploads\/2025\/08\/CARMELA_ROSSO24729.jpg 1200w, https:\/\/carmelarosso.es\/wp-content\/uploads\/2025\/08\/CARMELA_ROSSO24729-267x400.jpg 267w, https:\/\/carmelarosso.es\/wp-content\/uploads\/2025\/08\/CARMELA_ROSSO24729-533x800.jpg 533w, https:\/\/carmelarosso.es\/wp-content\/uploads\/2025\/08\/CARMELA_ROSSO24729-768x1152.jpg 768w, https:\/\/carmelarosso.es\/wp-content\/uploads\/2025\/08\/CARMELA_ROSSO24729-1024x1536.jpg 1024w, https:\/\/carmelarosso.es\/wp-content\/uploads\/2025\/08\/CARMELA_ROSSO24729-900x1350.jpg 900w, https:\/\/carmelarosso.es\/wp-content\/uploads\/2025\/08\/CARMELA_ROSSO24729-600x900.jpg 600w\" sizes=\"(max-width: 1200px) 100vw, 1200px\" \/>                <div class=\"overlay\" style=\"background-color:1\"><\/div>                                <\/div>\n            <\/div>\n            <div class=\"box-text show-on-hover hover-slide text-center is-large\" >\n                  <div class=\"box-text-inner\">\n                      <h6 class=\"uppercase portfolio-box-title\">Blazer avec d\u00e9tails dor\u00e9s<\/h6>\n                      <p class=\"uppercase portfolio-box-category is-xsmall op-6\">\n                        <span class=\"show-on-hover\">\n                         Collection Automne Hiver 2025\/26                        <\/span>\n                      <\/p>\n                  <\/div>\n            <\/div>\n           <\/div>\n           <\/a>\n           <\/div>\n           <\/div><div class=\"col\" data-terms=\"[&quot;Collection Automne Hiver 2025\/26&quot;]\" >\n          <div class=\"col-inner\" >\n          <a href=\"https:\/\/carmelarosso.es\/fr\/coleciones\/collection-automne-hiver-2025-26\/pull-noir-a-pois\/\" class=\"plain \">\n          <div class=\"portfolio-box box has-hover box-overlay dark box-text-middle\">\n            <div class=\"box-image\" >\n                <div class=\"image-overlay-add-50 image-zoom image-cover\" style=\"padding-top:150%;\">\n                <img decoding=\"async\" width=\"1200\" height=\"1800\" src=\"https:\/\/carmelarosso.es\/wp-content\/uploads\/2025\/08\/CARMELA_ROSSO23821.jpg\" class=\"attachment-original size-original\" alt=\"\" srcset=\"https:\/\/carmelarosso.es\/wp-content\/uploads\/2025\/08\/CARMELA_ROSSO23821.jpg 1200w, https:\/\/carmelarosso.es\/wp-content\/uploads\/2025\/08\/CARMELA_ROSSO23821-267x400.jpg 267w, https:\/\/carmelarosso.es\/wp-content\/uploads\/2025\/08\/CARMELA_ROSSO23821-533x800.jpg 533w, https:\/\/carmelarosso.es\/wp-content\/uploads\/2025\/08\/CARMELA_ROSSO23821-768x1152.jpg 768w, https:\/\/carmelarosso.es\/wp-content\/uploads\/2025\/08\/CARMELA_ROSSO23821-1024x1536.jpg 1024w, https:\/\/carmelarosso.es\/wp-content\/uploads\/2025\/08\/CARMELA_ROSSO23821-900x1350.jpg 900w, https:\/\/carmelarosso.es\/wp-content\/uploads\/2025\/08\/CARMELA_ROSSO23821-600x900.jpg 600w\" sizes=\"(max-width: 1200px) 100vw, 1200px\" \/>                <div class=\"overlay\" style=\"background-color:1\"><\/div>                                <\/div>\n            <\/div>\n            <div class=\"box-text show-on-hover hover-slide text-center is-large\" >\n                  <div class=\"box-text-inner\">\n                      <h6 class=\"uppercase portfolio-box-title\">Pull noir \u00e0 pois<\/h6>\n                      <p class=\"uppercase portfolio-box-category is-xsmall op-6\">\n                        <span class=\"show-on-hover\">\n                         Collection Automne Hiver 2025\/26                        <\/span>\n                      <\/p>\n                  <\/div>\n            <\/div>\n           <\/div>\n           <\/a>\n           <\/div>\n           <\/div><div class=\"col\" data-terms=\"[&quot;Collection Automne Hiver 2025\/26&quot;]\" >\n          <div class=\"col-inner\" >\n          <a href=\"https:\/\/carmelarosso.es\/fr\/coleciones\/collection-automne-hiver-2025-26\/veste-pantalon-avec-details-dores\/\" class=\"plain \">\n          <div class=\"portfolio-box box has-hover box-overlay dark box-text-middle\">\n            <div class=\"box-image\" >\n                <div class=\"image-overlay-add-50 image-zoom image-cover\" style=\"padding-top:150%;\">\n                <img decoding=\"async\" width=\"1200\" height=\"1800\" src=\"https:\/\/carmelarosso.es\/wp-content\/uploads\/2025\/08\/CARMELA_ROSSO24692.jpg\" class=\"attachment-original size-original\" alt=\"\" srcset=\"https:\/\/carmelarosso.es\/wp-content\/uploads\/2025\/08\/CARMELA_ROSSO24692.jpg 1200w, https:\/\/carmelarosso.es\/wp-content\/uploads\/2025\/08\/CARMELA_ROSSO24692-267x400.jpg 267w, https:\/\/carmelarosso.es\/wp-content\/uploads\/2025\/08\/CARMELA_ROSSO24692-533x800.jpg 533w, https:\/\/carmelarosso.es\/wp-content\/uploads\/2025\/08\/CARMELA_ROSSO24692-768x1152.jpg 768w, https:\/\/carmelarosso.es\/wp-content\/uploads\/2025\/08\/CARMELA_ROSSO24692-1024x1536.jpg 1024w, https:\/\/carmelarosso.es\/wp-content\/uploads\/2025\/08\/CARMELA_ROSSO24692-900x1350.jpg 900w, https:\/\/carmelarosso.es\/wp-content\/uploads\/2025\/08\/CARMELA_ROSSO24692-600x900.jpg 600w\" sizes=\"(max-width: 1200px) 100vw, 1200px\" \/>                <div class=\"overlay\" style=\"background-color:1\"><\/div>                                <\/div>\n            <\/div>\n            <div class=\"box-text show-on-hover hover-slide text-center is-large\" >\n                  <div class=\"box-text-inner\">\n                      <h6 class=\"uppercase portfolio-box-title\">Veste + pantalon avec d\u00e9tails dor\u00e9s<\/h6>\n                      <p class=\"uppercase portfolio-box-category is-xsmall op-6\">\n                        <span class=\"show-on-hover\">\n                         Collection Automne Hiver 2025\/26                        <\/span>\n                      <\/p>\n                  <\/div>\n            <\/div>\n           <\/div>\n           <\/a>\n           <\/div>\n           <\/div><div class=\"col\" data-terms=\"[&quot;Collection Automne Hiver 2025\/26&quot;]\" >\n          <div class=\"col-inner\" >\n          <a href=\"https:\/\/carmelarosso.es\/fr\/coleciones\/collection-automne-hiver-2025-26\/jersey-2\/\" class=\"plain \">\n          <div class=\"portfolio-box box has-hover box-overlay dark box-text-middle\">\n            <div class=\"box-image\" >\n                <div class=\"image-overlay-add-50 image-zoom image-cover\" style=\"padding-top:150%;\">\n                <img decoding=\"async\" width=\"1200\" height=\"1800\" src=\"https:\/\/carmelarosso.es\/wp-content\/uploads\/2025\/08\/CARMELA_ROSSO23800.jpg\" class=\"attachment-original size-original\" alt=\"\" srcset=\"https:\/\/carmelarosso.es\/wp-content\/uploads\/2025\/08\/CARMELA_ROSSO23800.jpg 1200w, https:\/\/carmelarosso.es\/wp-content\/uploads\/2025\/08\/CARMELA_ROSSO23800-267x400.jpg 267w, https:\/\/carmelarosso.es\/wp-content\/uploads\/2025\/08\/CARMELA_ROSSO23800-533x800.jpg 533w, https:\/\/carmelarosso.es\/wp-content\/uploads\/2025\/08\/CARMELA_ROSSO23800-768x1152.jpg 768w, https:\/\/carmelarosso.es\/wp-content\/uploads\/2025\/08\/CARMELA_ROSSO23800-1024x1536.jpg 1024w, https:\/\/carmelarosso.es\/wp-content\/uploads\/2025\/08\/CARMELA_ROSSO23800-900x1350.jpg 900w, https:\/\/carmelarosso.es\/wp-content\/uploads\/2025\/08\/CARMELA_ROSSO23800-600x900.jpg 600w\" sizes=\"(max-width: 1200px) 100vw, 1200px\" \/>                <div class=\"overlay\" style=\"background-color:1\"><\/div>                                <\/div>\n            <\/div>\n            <div class=\"box-text show-on-hover hover-slide text-center is-large\" >\n                  <div class=\"box-text-inner\">\n                      <h6 class=\"uppercase portfolio-box-title\">Jersey<\/h6>\n                      <p class=\"uppercase portfolio-box-category is-xsmall op-6\">\n                        <span class=\"show-on-hover\">\n                         Collection Automne Hiver 2025\/26                        <\/span>\n                      <\/p>\n                  <\/div>\n            <\/div>\n           <\/div>\n           <\/a>\n           <\/div>\n           <\/div><div class=\"col\" data-terms=\"[&quot;Collection Automne Hiver 2025\/26&quot;]\" >\n          <div class=\"col-inner\" >\n          <a href=\"https:\/\/carmelarosso.es\/fr\/coleciones\/collection-automne-hiver-2025-26\/chemise-blanche-avec-details-ocre\/\" class=\"plain \">\n          <div class=\"portfolio-box box has-hover box-overlay dark box-text-middle\">\n            <div class=\"box-image\" >\n                <div class=\"image-overlay-add-50 image-zoom image-cover\" style=\"padding-top:150%;\">\n                <img decoding=\"async\" width=\"1200\" height=\"1800\" src=\"https:\/\/carmelarosso.es\/wp-content\/uploads\/2025\/08\/CARMELA_ROSSO24627.jpg\" class=\"attachment-original size-original\" alt=\"\" srcset=\"https:\/\/carmelarosso.es\/wp-content\/uploads\/2025\/08\/CARMELA_ROSSO24627.jpg 1200w, https:\/\/carmelarosso.es\/wp-content\/uploads\/2025\/08\/CARMELA_ROSSO24627-267x400.jpg 267w, https:\/\/carmelarosso.es\/wp-content\/uploads\/2025\/08\/CARMELA_ROSSO24627-533x800.jpg 533w, https:\/\/carmelarosso.es\/wp-content\/uploads\/2025\/08\/CARMELA_ROSSO24627-768x1152.jpg 768w, https:\/\/carmelarosso.es\/wp-content\/uploads\/2025\/08\/CARMELA_ROSSO24627-1024x1536.jpg 1024w, https:\/\/carmelarosso.es\/wp-content\/uploads\/2025\/08\/CARMELA_ROSSO24627-900x1350.jpg 900w, https:\/\/carmelarosso.es\/wp-content\/uploads\/2025\/08\/CARMELA_ROSSO24627-600x900.jpg 600w\" sizes=\"(max-width: 1200px) 100vw, 1200px\" \/>                <div class=\"overlay\" style=\"background-color:1\"><\/div>                                <\/div>\n            <\/div>\n            <div class=\"box-text show-on-hover hover-slide text-center is-large\" >\n                  <div class=\"box-text-inner\">\n                      <h6 class=\"uppercase portfolio-box-title\">Chemise blanche avec d\u00e9tails ocre<\/h6>\n                      <p class=\"uppercase portfolio-box-category is-xsmall op-6\">\n                        <span class=\"show-on-hover\">\n                         Collection Automne Hiver 2025\/26                        <\/span>\n                      <\/p>\n                  <\/div>\n            <\/div>\n           <\/div>\n           <\/a>\n           <\/div>\n           <\/div><div class=\"col\" data-terms=\"[&quot;Collection Automne Hiver 2025\/26&quot;]\" >\n          <div class=\"col-inner\" >\n          <a href=\"https:\/\/carmelarosso.es\/fr\/coleciones\/collection-automne-hiver-2025-26\/chemisier-imprime-3\/\" class=\"plain \">\n          <div class=\"portfolio-box box has-hover box-overlay dark box-text-middle\">\n            <div class=\"box-image\" >\n                <div class=\"image-overlay-add-50 image-zoom image-cover\" style=\"padding-top:150%;\">\n                <img decoding=\"async\" width=\"1200\" height=\"1800\" src=\"https:\/\/carmelarosso.es\/wp-content\/uploads\/2025\/08\/CARMELA_ROSSO24621-C.jpg\" class=\"attachment-original size-original\" alt=\"\" srcset=\"https:\/\/carmelarosso.es\/wp-content\/uploads\/2025\/08\/CARMELA_ROSSO24621-C.jpg 1200w, https:\/\/carmelarosso.es\/wp-content\/uploads\/2025\/08\/CARMELA_ROSSO24621-C-267x400.jpg 267w, https:\/\/carmelarosso.es\/wp-content\/uploads\/2025\/08\/CARMELA_ROSSO24621-C-533x800.jpg 533w, https:\/\/carmelarosso.es\/wp-content\/uploads\/2025\/08\/CARMELA_ROSSO24621-C-768x1152.jpg 768w, https:\/\/carmelarosso.es\/wp-content\/uploads\/2025\/08\/CARMELA_ROSSO24621-C-1024x1536.jpg 1024w, https:\/\/carmelarosso.es\/wp-content\/uploads\/2025\/08\/CARMELA_ROSSO24621-C-900x1350.jpg 900w, https:\/\/carmelarosso.es\/wp-content\/uploads\/2025\/08\/CARMELA_ROSSO24621-C-600x900.jpg 600w\" sizes=\"(max-width: 1200px) 100vw, 1200px\" \/>                <div class=\"overlay\" style=\"background-color:1\"><\/div>                                <\/div>\n            <\/div>\n            <div class=\"box-text show-on-hover hover-slide text-center is-large\" >\n                  <div class=\"box-text-inner\">\n                      <h6 class=\"uppercase portfolio-box-title\">Chemisier imprim\u00e9<\/h6>\n                      <p class=\"uppercase portfolio-box-category is-xsmall op-6\">\n                        <span class=\"show-on-hover\">\n                         Collection Automne Hiver 2025\/26                        <\/span>\n                      <\/p>\n                  <\/div>\n            <\/div>\n           <\/div>\n           <\/a>\n           <\/div>\n           <\/div><div class=\"col\" data-terms=\"[&quot;Collection Automne Hiver 2025\/26&quot;]\" >\n          <div class=\"col-inner\" >\n          <a href=\"https:\/\/carmelarosso.es\/fr\/coleciones\/collection-automne-hiver-2025-26\/veste-zippee-avec-capuche\/\" class=\"plain \">\n          <div class=\"portfolio-box box has-hover box-overlay dark box-text-middle\">\n            <div class=\"box-image\" >\n                <div class=\"image-overlay-add-50 image-zoom image-cover\" style=\"padding-top:150%;\">\n                <img decoding=\"async\" width=\"1200\" height=\"1800\" src=\"https:\/\/carmelarosso.es\/wp-content\/uploads\/2025\/08\/CARMELA_ROSSO23780.jpg\" class=\"attachment-original size-original\" alt=\"\" srcset=\"https:\/\/carmelarosso.es\/wp-content\/uploads\/2025\/08\/CARMELA_ROSSO23780.jpg 1200w, https:\/\/carmelarosso.es\/wp-content\/uploads\/2025\/08\/CARMELA_ROSSO23780-267x400.jpg 267w, https:\/\/carmelarosso.es\/wp-content\/uploads\/2025\/08\/CARMELA_ROSSO23780-533x800.jpg 533w, https:\/\/carmelarosso.es\/wp-content\/uploads\/2025\/08\/CARMELA_ROSSO23780-768x1152.jpg 768w, https:\/\/carmelarosso.es\/wp-content\/uploads\/2025\/08\/CARMELA_ROSSO23780-1024x1536.jpg 1024w, https:\/\/carmelarosso.es\/wp-content\/uploads\/2025\/08\/CARMELA_ROSSO23780-900x1350.jpg 900w, https:\/\/carmelarosso.es\/wp-content\/uploads\/2025\/08\/CARMELA_ROSSO23780-600x900.jpg 600w\" sizes=\"(max-width: 1200px) 100vw, 1200px\" \/>                <div class=\"overlay\" style=\"background-color:1\"><\/div>                                <\/div>\n            <\/div>\n            <div class=\"box-text show-on-hover hover-slide text-center is-large\" >\n                  <div class=\"box-text-inner\">\n                      <h6 class=\"uppercase portfolio-box-title\">Veste zipp\u00e9e avec capuche<\/h6>\n                      <p class=\"uppercase portfolio-box-category is-xsmall op-6\">\n                        <span class=\"show-on-hover\">\n                         Collection Automne Hiver 2025\/26                        <\/span>\n                      <\/p>\n                  <\/div>\n            <\/div>\n           <\/div>\n           <\/a>\n           <\/div>\n           <\/div><div class=\"col\" data-terms=\"[&quot;Collection Automne Hiver 2025\/26&quot;]\" >\n          <div class=\"col-inner\" >\n          <a href=\"https:\/\/carmelarosso.es\/fr\/coleciones\/collection-automne-hiver-2025-26\/manteau-long-camel\/\" class=\"plain \">\n          <div class=\"portfolio-box box has-hover box-overlay dark box-text-middle\">\n            <div class=\"box-image\" >\n                <div class=\"image-overlay-add-50 image-zoom image-cover\" style=\"padding-top:150%;\">\n                <img decoding=\"async\" width=\"1200\" height=\"1800\" src=\"https:\/\/carmelarosso.es\/wp-content\/uploads\/2025\/08\/CARMELA_ROSSO24560.jpg\" class=\"attachment-original size-original\" alt=\"\" srcset=\"https:\/\/carmelarosso.es\/wp-content\/uploads\/2025\/08\/CARMELA_ROSSO24560.jpg 1200w, https:\/\/carmelarosso.es\/wp-content\/uploads\/2025\/08\/CARMELA_ROSSO24560-267x400.jpg 267w, https:\/\/carmelarosso.es\/wp-content\/uploads\/2025\/08\/CARMELA_ROSSO24560-533x800.jpg 533w, https:\/\/carmelarosso.es\/wp-content\/uploads\/2025\/08\/CARMELA_ROSSO24560-768x1152.jpg 768w, https:\/\/carmelarosso.es\/wp-content\/uploads\/2025\/08\/CARMELA_ROSSO24560-1024x1536.jpg 1024w, https:\/\/carmelarosso.es\/wp-content\/uploads\/2025\/08\/CARMELA_ROSSO24560-900x1350.jpg 900w, https:\/\/carmelarosso.es\/wp-content\/uploads\/2025\/08\/CARMELA_ROSSO24560-600x900.jpg 600w\" sizes=\"(max-width: 1200px) 100vw, 1200px\" \/>                <div class=\"overlay\" style=\"background-color:1\"><\/div>                                <\/div>\n            <\/div>\n            <div class=\"box-text show-on-hover hover-slide text-center is-large\" >\n                  <div class=\"box-text-inner\">\n                      <h6 class=\"uppercase portfolio-box-title\">Manteau long camel<\/h6>\n                      <p class=\"uppercase portfolio-box-category is-xsmall op-6\">\n                        <span class=\"show-on-hover\">\n                         Collection Automne Hiver 2025\/26                        <\/span>\n                      <\/p>\n                  <\/div>\n            <\/div>\n           <\/div>\n           <\/a>\n           <\/div>\n           <\/div><div class=\"col\" data-terms=\"[&quot;Collection Automne Hiver 2025\/26&quot;]\" >\n          <div class=\"col-inner\" >\n          <a href=\"https:\/\/carmelarosso.es\/fr\/coleciones\/collection-automne-hiver-2025-26\/veste-zippee\/\" class=\"plain \">\n          <div class=\"portfolio-box box has-hover box-overlay dark box-text-middle\">\n            <div class=\"box-image\" >\n                <div class=\"image-overlay-add-50 image-zoom image-cover\" style=\"padding-top:150%;\">\n                <img decoding=\"async\" width=\"1200\" height=\"1800\" src=\"https:\/\/carmelarosso.es\/wp-content\/uploads\/2025\/08\/CARMELA_ROSSO23752.jpg\" class=\"attachment-original size-original\" alt=\"\" srcset=\"https:\/\/carmelarosso.es\/wp-content\/uploads\/2025\/08\/CARMELA_ROSSO23752.jpg 1200w, https:\/\/carmelarosso.es\/wp-content\/uploads\/2025\/08\/CARMELA_ROSSO23752-267x400.jpg 267w, https:\/\/carmelarosso.es\/wp-content\/uploads\/2025\/08\/CARMELA_ROSSO23752-533x800.jpg 533w, https:\/\/carmelarosso.es\/wp-content\/uploads\/2025\/08\/CARMELA_ROSSO23752-768x1152.jpg 768w, https:\/\/carmelarosso.es\/wp-content\/uploads\/2025\/08\/CARMELA_ROSSO23752-1024x1536.jpg 1024w, https:\/\/carmelarosso.es\/wp-content\/uploads\/2025\/08\/CARMELA_ROSSO23752-900x1350.jpg 900w, https:\/\/carmelarosso.es\/wp-content\/uploads\/2025\/08\/CARMELA_ROSSO23752-600x900.jpg 600w\" sizes=\"(max-width: 1200px) 100vw, 1200px\" \/>                <div class=\"overlay\" style=\"background-color:1\"><\/div>                                <\/div>\n            <\/div>\n            <div class=\"box-text show-on-hover hover-slide text-center is-large\" >\n                  <div class=\"box-text-inner\">\n                      <h6 class=\"uppercase portfolio-box-title\">Veste zipp\u00e9e<\/h6>\n                      <p class=\"uppercase portfolio-box-category is-xsmall op-6\">\n                        <span class=\"show-on-hover\">\n                         Collection Automne Hiver 2025\/26                        <\/span>\n                      <\/p>\n                  <\/div>\n            <\/div>\n           <\/div>\n           <\/a>\n           <\/div>\n           <\/div><div class=\"col\" data-terms=\"[&quot;Collection Automne Hiver 2025\/26&quot;]\" >\n          <div class=\"col-inner\" >\n          <a href=\"https:\/\/carmelarosso.es\/fr\/coleciones\/collection-automne-hiver-2025-26\/pull-a-losanges\/\" class=\"plain \">\n          <div class=\"portfolio-box box has-hover box-overlay dark box-text-middle\">\n            <div class=\"box-image\" >\n                <div class=\"image-overlay-add-50 image-zoom image-cover\" style=\"padding-top:150%;\">\n                <img decoding=\"async\" width=\"1200\" height=\"1800\" src=\"https:\/\/carmelarosso.es\/wp-content\/uploads\/2025\/08\/CARMELA_ROSSO23724-1-copia.jpg\" class=\"attachment-original size-original\" alt=\"\" srcset=\"https:\/\/carmelarosso.es\/wp-content\/uploads\/2025\/08\/CARMELA_ROSSO23724-1-copia.jpg 1200w, https:\/\/carmelarosso.es\/wp-content\/uploads\/2025\/08\/CARMELA_ROSSO23724-1-copia-267x400.jpg 267w, https:\/\/carmelarosso.es\/wp-content\/uploads\/2025\/08\/CARMELA_ROSSO23724-1-copia-533x800.jpg 533w, https:\/\/carmelarosso.es\/wp-content\/uploads\/2025\/08\/CARMELA_ROSSO23724-1-copia-768x1152.jpg 768w, https:\/\/carmelarosso.es\/wp-content\/uploads\/2025\/08\/CARMELA_ROSSO23724-1-copia-1024x1536.jpg 1024w, https:\/\/carmelarosso.es\/wp-content\/uploads\/2025\/08\/CARMELA_ROSSO23724-1-copia-900x1350.jpg 900w, https:\/\/carmelarosso.es\/wp-content\/uploads\/2025\/08\/CARMELA_ROSSO23724-1-copia-600x900.jpg 600w\" sizes=\"(max-width: 1200px) 100vw, 1200px\" \/>                <div class=\"overlay\" style=\"background-color:1\"><\/div>                                <\/div>\n            <\/div>\n            <div class=\"box-text show-on-hover hover-slide text-center is-large\" >\n                  <div class=\"box-text-inner\">\n                      <h6 class=\"uppercase portfolio-box-title\">Pull \u00e0 losanges<\/h6>\n                      <p class=\"uppercase portfolio-box-category is-xsmall op-6\">\n                        <span class=\"show-on-hover\">\n                         Collection Automne Hiver 2025\/26                        <\/span>\n                      <\/p>\n                  <\/div>\n            <\/div>\n           <\/div>\n           <\/a>\n           <\/div>\n           <\/div><div class=\"col\" data-terms=\"[&quot;Collection Automne Hiver 2025\/26&quot;]\" >\n          <div class=\"col-inner\" >\n          <a href=\"https:\/\/carmelarosso.es\/fr\/coleciones\/collection-automne-hiver-2025-26\/pull-avec-details-dores\/\" class=\"plain \">\n          <div class=\"portfolio-box box has-hover box-overlay dark box-text-middle\">\n            <div class=\"box-image\" >\n                <div class=\"image-overlay-add-50 image-zoom image-cover\" style=\"padding-top:150%;\">\n                <img decoding=\"async\" width=\"1200\" height=\"1800\" src=\"https:\/\/carmelarosso.es\/wp-content\/uploads\/2025\/08\/CARMELA_ROSSO24552.jpg\" class=\"attachment-original size-original\" alt=\"\" srcset=\"https:\/\/carmelarosso.es\/wp-content\/uploads\/2025\/08\/CARMELA_ROSSO24552.jpg 1200w, https:\/\/carmelarosso.es\/wp-content\/uploads\/2025\/08\/CARMELA_ROSSO24552-267x400.jpg 267w, https:\/\/carmelarosso.es\/wp-content\/uploads\/2025\/08\/CARMELA_ROSSO24552-533x800.jpg 533w, https:\/\/carmelarosso.es\/wp-content\/uploads\/2025\/08\/CARMELA_ROSSO24552-768x1152.jpg 768w, https:\/\/carmelarosso.es\/wp-content\/uploads\/2025\/08\/CARMELA_ROSSO24552-1024x1536.jpg 1024w, https:\/\/carmelarosso.es\/wp-content\/uploads\/2025\/08\/CARMELA_ROSSO24552-900x1350.jpg 900w, https:\/\/carmelarosso.es\/wp-content\/uploads\/2025\/08\/CARMELA_ROSSO24552-600x900.jpg 600w\" sizes=\"(max-width: 1200px) 100vw, 1200px\" \/>                <div class=\"overlay\" style=\"background-color:1\"><\/div>                                <\/div>\n            <\/div>\n            <div class=\"box-text show-on-hover hover-slide text-center is-large\" >\n                  <div class=\"box-text-inner\">\n                      <h6 class=\"uppercase portfolio-box-title\">Pull avec d\u00e9tails dor\u00e9s<\/h6>\n                      <p class=\"uppercase portfolio-box-category is-xsmall op-6\">\n                        <span class=\"show-on-hover\">\n                         Collection Automne Hiver 2025\/26                        <\/span>\n                      <\/p>\n                  <\/div>\n            <\/div>\n           <\/div>\n           <\/a>\n           <\/div>\n           <\/div><div class=\"col\" data-terms=\"[&quot;Collection Automne Hiver 2025\/26&quot;]\" >\n          <div class=\"col-inner\" >\n          <a href=\"https:\/\/carmelarosso.es\/fr\/coleciones\/collection-automne-hiver-2025-26\/manteau-chameau\/\" class=\"plain \">\n          <div class=\"portfolio-box box has-hover box-overlay dark box-text-middle\">\n            <div class=\"box-image\" >\n                <div class=\"image-overlay-add-50 image-zoom image-cover\" style=\"padding-top:150%;\">\n                <img decoding=\"async\" width=\"1200\" height=\"1800\" src=\"https:\/\/carmelarosso.es\/wp-content\/uploads\/2025\/08\/CARMELA_ROSSO24510-C.jpg\" class=\"attachment-original size-original\" alt=\"\" srcset=\"https:\/\/carmelarosso.es\/wp-content\/uploads\/2025\/08\/CARMELA_ROSSO24510-C.jpg 1200w, https:\/\/carmelarosso.es\/wp-content\/uploads\/2025\/08\/CARMELA_ROSSO24510-C-267x400.jpg 267w, https:\/\/carmelarosso.es\/wp-content\/uploads\/2025\/08\/CARMELA_ROSSO24510-C-533x800.jpg 533w, https:\/\/carmelarosso.es\/wp-content\/uploads\/2025\/08\/CARMELA_ROSSO24510-C-768x1152.jpg 768w, https:\/\/carmelarosso.es\/wp-content\/uploads\/2025\/08\/CARMELA_ROSSO24510-C-1024x1536.jpg 1024w, https:\/\/carmelarosso.es\/wp-content\/uploads\/2025\/08\/CARMELA_ROSSO24510-C-900x1350.jpg 900w, https:\/\/carmelarosso.es\/wp-content\/uploads\/2025\/08\/CARMELA_ROSSO24510-C-600x900.jpg 600w\" sizes=\"(max-width: 1200px) 100vw, 1200px\" \/>                <div class=\"overlay\" style=\"background-color:1\"><\/div>                                <\/div>\n            <\/div>\n            <div class=\"box-text show-on-hover hover-slide text-center is-large\" >\n                  <div class=\"box-text-inner\">\n                      <h6 class=\"uppercase portfolio-box-title\">Manteau chameau<\/h6>\n                      <p class=\"uppercase portfolio-box-category is-xsmall op-6\">\n                        <span class=\"show-on-hover\">\n                         Collection Automne Hiver 2025\/26                        <\/span>\n                      <\/p>\n                  <\/div>\n            <\/div>\n           <\/div>\n           <\/a>\n           <\/div>\n           <\/div><div class=\"col\" data-terms=\"[&quot;Collection Automne Hiver 2025\/26&quot;]\" >\n          <div class=\"col-inner\" >\n          <a href=\"https:\/\/carmelarosso.es\/fr\/coleciones\/collection-automne-hiver-2025-26\/pull-col-v\/\" class=\"plain \">\n          <div class=\"portfolio-box box has-hover box-overlay dark box-text-middle\">\n            <div class=\"box-image\" >\n                <div class=\"image-overlay-add-50 image-zoom image-cover\" style=\"padding-top:150%;\">\n                <img decoding=\"async\" width=\"1200\" height=\"1800\" src=\"https:\/\/carmelarosso.es\/wp-content\/uploads\/2025\/08\/CARMELA_ROSSO23683.jpg\" class=\"attachment-original size-original\" alt=\"\" srcset=\"https:\/\/carmelarosso.es\/wp-content\/uploads\/2025\/08\/CARMELA_ROSSO23683.jpg 1200w, https:\/\/carmelarosso.es\/wp-content\/uploads\/2025\/08\/CARMELA_ROSSO23683-267x400.jpg 267w, https:\/\/carmelarosso.es\/wp-content\/uploads\/2025\/08\/CARMELA_ROSSO23683-533x800.jpg 533w, https:\/\/carmelarosso.es\/wp-content\/uploads\/2025\/08\/CARMELA_ROSSO23683-768x1152.jpg 768w, https:\/\/carmelarosso.es\/wp-content\/uploads\/2025\/08\/CARMELA_ROSSO23683-1024x1536.jpg 1024w, https:\/\/carmelarosso.es\/wp-content\/uploads\/2025\/08\/CARMELA_ROSSO23683-900x1350.jpg 900w, https:\/\/carmelarosso.es\/wp-content\/uploads\/2025\/08\/CARMELA_ROSSO23683-600x900.jpg 600w\" sizes=\"(max-width: 1200px) 100vw, 1200px\" \/>                <div class=\"overlay\" style=\"background-color:1\"><\/div>                                <\/div>\n            <\/div>\n            <div class=\"box-text show-on-hover hover-slide text-center is-large\" >\n                  <div class=\"box-text-inner\">\n                      <h6 class=\"uppercase portfolio-box-title\">Pull col V<\/h6>\n                      <p class=\"uppercase portfolio-box-category is-xsmall op-6\">\n                        <span class=\"show-on-hover\">\n                         Collection Automne Hiver 2025\/26                        <\/span>\n                      <\/p>\n                  <\/div>\n            <\/div>\n           <\/div>\n           <\/a>\n           <\/div>\n           <\/div><div class=\"col\" data-terms=\"[&quot;Collection Automne Hiver 2025\/26&quot;]\" >\n          <div class=\"col-inner\" >\n          <a href=\"https:\/\/carmelarosso.es\/fr\/coleciones\/collection-automne-hiver-2025-26\/veste-2\/\" class=\"plain \">\n          <div class=\"portfolio-box box has-hover box-overlay dark box-text-middle\">\n            <div class=\"box-image\" >\n                <div class=\"image-overlay-add-50 image-zoom image-cover\" style=\"padding-top:150%;\">\n                <img decoding=\"async\" width=\"1200\" height=\"1800\" src=\"https:\/\/carmelarosso.es\/wp-content\/uploads\/2025\/08\/CARMELA_ROSSO23668.jpg\" class=\"attachment-original size-original\" alt=\"\" srcset=\"https:\/\/carmelarosso.es\/wp-content\/uploads\/2025\/08\/CARMELA_ROSSO23668.jpg 1200w, https:\/\/carmelarosso.es\/wp-content\/uploads\/2025\/08\/CARMELA_ROSSO23668-267x400.jpg 267w, https:\/\/carmelarosso.es\/wp-content\/uploads\/2025\/08\/CARMELA_ROSSO23668-533x800.jpg 533w, https:\/\/carmelarosso.es\/wp-content\/uploads\/2025\/08\/CARMELA_ROSSO23668-768x1152.jpg 768w, https:\/\/carmelarosso.es\/wp-content\/uploads\/2025\/08\/CARMELA_ROSSO23668-1024x1536.jpg 1024w, https:\/\/carmelarosso.es\/wp-content\/uploads\/2025\/08\/CARMELA_ROSSO23668-900x1350.jpg 900w, https:\/\/carmelarosso.es\/wp-content\/uploads\/2025\/08\/CARMELA_ROSSO23668-600x900.jpg 600w\" sizes=\"(max-width: 1200px) 100vw, 1200px\" \/>                <div class=\"overlay\" style=\"background-color:1\"><\/div>                                <\/div>\n            <\/div>\n            <div class=\"box-text show-on-hover hover-slide text-center is-large\" >\n                  <div class=\"box-text-inner\">\n                      <h6 class=\"uppercase portfolio-box-title\">Veste<\/h6>\n                      <p class=\"uppercase portfolio-box-category is-xsmall op-6\">\n                        <span class=\"show-on-hover\">\n                         Collection Automne Hiver 2025\/26                        <\/span>\n                      <\/p>\n                  <\/div>\n            <\/div>\n           <\/div>\n           <\/a>\n           <\/div>\n           <\/div><div class=\"col\" data-terms=\"[&quot;Collection Automne Hiver 2025\/26&quot;]\" >\n          <div class=\"col-inner\" >\n          <a href=\"https:\/\/carmelarosso.es\/fr\/coleciones\/collection-automne-hiver-2025-26\/veste\/\" class=\"plain \">\n          <div class=\"portfolio-box box has-hover box-overlay dark box-text-middle\">\n            <div class=\"box-image\" >\n                <div class=\"image-overlay-add-50 image-zoom image-cover\" style=\"padding-top:150%;\">\n                <img decoding=\"async\" width=\"1200\" height=\"1800\" src=\"https:\/\/carmelarosso.es\/wp-content\/uploads\/2025\/08\/CARMELA_ROSSO24493-C.jpg\" class=\"attachment-original size-original\" alt=\"\" srcset=\"https:\/\/carmelarosso.es\/wp-content\/uploads\/2025\/08\/CARMELA_ROSSO24493-C.jpg 1200w, https:\/\/carmelarosso.es\/wp-content\/uploads\/2025\/08\/CARMELA_ROSSO24493-C-267x400.jpg 267w, https:\/\/carmelarosso.es\/wp-content\/uploads\/2025\/08\/CARMELA_ROSSO24493-C-533x800.jpg 533w, https:\/\/carmelarosso.es\/wp-content\/uploads\/2025\/08\/CARMELA_ROSSO24493-C-768x1152.jpg 768w, https:\/\/carmelarosso.es\/wp-content\/uploads\/2025\/08\/CARMELA_ROSSO24493-C-1024x1536.jpg 1024w, https:\/\/carmelarosso.es\/wp-content\/uploads\/2025\/08\/CARMELA_ROSSO24493-C-900x1350.jpg 900w, https:\/\/carmelarosso.es\/wp-content\/uploads\/2025\/08\/CARMELA_ROSSO24493-C-600x900.jpg 600w\" sizes=\"(max-width: 1200px) 100vw, 1200px\" \/>                <div class=\"overlay\" style=\"background-color:1\"><\/div>                                <\/div>\n            <\/div>\n            <div class=\"box-text show-on-hover hover-slide text-center is-large\" >\n                  <div class=\"box-text-inner\">\n                      <h6 class=\"uppercase portfolio-box-title\">Veste<\/h6>\n                      <p class=\"uppercase portfolio-box-category is-xsmall op-6\">\n                        <span class=\"show-on-hover\">\n                         Collection Automne Hiver 2025\/26                        <\/span>\n                      <\/p>\n                  <\/div>\n            <\/div>\n           <\/div>\n           <\/a>\n           <\/div>\n           <\/div><div class=\"col\" data-terms=\"[&quot;Collection Automne Hiver 2025\/26&quot;]\" >\n          <div class=\"col-inner\" >\n          <a href=\"https:\/\/carmelarosso.es\/fr\/coleciones\/collection-automne-hiver-2025-26\/jersey-3\/\" class=\"plain \">\n          <div class=\"portfolio-box box has-hover box-overlay dark box-text-middle\">\n            <div class=\"box-image\" >\n                <div class=\"image-overlay-add-50 image-zoom image-cover\" style=\"padding-top:150%;\">\n                <img decoding=\"async\" width=\"1200\" height=\"1800\" src=\"https:\/\/carmelarosso.es\/wp-content\/uploads\/2025\/08\/CARMELA_ROSSO23634.jpg\" class=\"attachment-original size-original\" alt=\"\" srcset=\"https:\/\/carmelarosso.es\/wp-content\/uploads\/2025\/08\/CARMELA_ROSSO23634.jpg 1200w, https:\/\/carmelarosso.es\/wp-content\/uploads\/2025\/08\/CARMELA_ROSSO23634-267x400.jpg 267w, https:\/\/carmelarosso.es\/wp-content\/uploads\/2025\/08\/CARMELA_ROSSO23634-533x800.jpg 533w, https:\/\/carmelarosso.es\/wp-content\/uploads\/2025\/08\/CARMELA_ROSSO23634-768x1152.jpg 768w, https:\/\/carmelarosso.es\/wp-content\/uploads\/2025\/08\/CARMELA_ROSSO23634-1024x1536.jpg 1024w, https:\/\/carmelarosso.es\/wp-content\/uploads\/2025\/08\/CARMELA_ROSSO23634-900x1350.jpg 900w, https:\/\/carmelarosso.es\/wp-content\/uploads\/2025\/08\/CARMELA_ROSSO23634-600x900.jpg 600w\" sizes=\"(max-width: 1200px) 100vw, 1200px\" \/>                <div class=\"overlay\" style=\"background-color:1\"><\/div>                                <\/div>\n            <\/div>\n            <div class=\"box-text show-on-hover hover-slide text-center is-large\" >\n                  <div class=\"box-text-inner\">\n                      <h6 class=\"uppercase portfolio-box-title\">Jersey<\/h6>\n                      <p class=\"uppercase portfolio-box-category is-xsmall op-6\">\n                        <span class=\"show-on-hover\">\n                         Collection Automne Hiver 2025\/26                        <\/span>\n                      <\/p>\n                  <\/div>\n            <\/div>\n           <\/div>\n           <\/a>\n           <\/div>\n           <\/div><div class=\"col\" data-terms=\"[&quot;Collection Automne Hiver 2025\/26&quot;]\" >\n          <div class=\"col-inner\" >\n          <a href=\"https:\/\/carmelarosso.es\/fr\/coleciones\/collection-automne-hiver-2025-26\/veste-a-poches-2\/\" class=\"plain \">\n          <div class=\"portfolio-box box has-hover box-overlay dark box-text-middle\">\n            <div class=\"box-image\" >\n                <div class=\"image-overlay-add-50 image-zoom image-cover\" style=\"padding-top:150%;\">\n                <img decoding=\"async\" width=\"1200\" height=\"1800\" src=\"https:\/\/carmelarosso.es\/wp-content\/uploads\/2025\/08\/CARMELA_ROSSO24423.jpg\" class=\"attachment-original size-original\" alt=\"\" srcset=\"https:\/\/carmelarosso.es\/wp-content\/uploads\/2025\/08\/CARMELA_ROSSO24423.jpg 1200w, https:\/\/carmelarosso.es\/wp-content\/uploads\/2025\/08\/CARMELA_ROSSO24423-267x400.jpg 267w, https:\/\/carmelarosso.es\/wp-content\/uploads\/2025\/08\/CARMELA_ROSSO24423-533x800.jpg 533w, https:\/\/carmelarosso.es\/wp-content\/uploads\/2025\/08\/CARMELA_ROSSO24423-768x1152.jpg 768w, https:\/\/carmelarosso.es\/wp-content\/uploads\/2025\/08\/CARMELA_ROSSO24423-1024x1536.jpg 1024w, https:\/\/carmelarosso.es\/wp-content\/uploads\/2025\/08\/CARMELA_ROSSO24423-900x1350.jpg 900w, https:\/\/carmelarosso.es\/wp-content\/uploads\/2025\/08\/CARMELA_ROSSO24423-600x900.jpg 600w\" sizes=\"(max-width: 1200px) 100vw, 1200px\" \/>                <div class=\"overlay\" style=\"background-color:1\"><\/div>                                <\/div>\n            <\/div>\n            <div class=\"box-text show-on-hover hover-slide text-center is-large\" >\n                  <div class=\"box-text-inner\">\n                      <h6 class=\"uppercase portfolio-box-title\">Veste \u00e0 poches<\/h6>\n                      <p class=\"uppercase portfolio-box-category is-xsmall op-6\">\n                        <span class=\"show-on-hover\">\n                         Collection Automne Hiver 2025\/26                        <\/span>\n                      <\/p>\n                  <\/div>\n            <\/div>\n           <\/div>\n           <\/a>\n           <\/div>\n           <\/div><div class=\"col\" data-terms=\"[&quot;Collection Automne Hiver 2025\/26&quot;]\" >\n          <div class=\"col-inner\" >\n          <a href=\"https:\/\/carmelarosso.es\/fr\/coleciones\/collection-automne-hiver-2025-26\/jersey-4\/\" class=\"plain \">\n          <div class=\"portfolio-box box has-hover box-overlay dark box-text-middle\">\n            <div class=\"box-image\" >\n                <div class=\"image-overlay-add-50 image-zoom image-cover\" style=\"padding-top:150%;\">\n                <img decoding=\"async\" width=\"1200\" height=\"1800\" src=\"https:\/\/carmelarosso.es\/wp-content\/uploads\/2025\/08\/CARMELA_ROSSO23614.jpg\" class=\"attachment-original size-original\" alt=\"\" srcset=\"https:\/\/carmelarosso.es\/wp-content\/uploads\/2025\/08\/CARMELA_ROSSO23614.jpg 1200w, https:\/\/carmelarosso.es\/wp-content\/uploads\/2025\/08\/CARMELA_ROSSO23614-267x400.jpg 267w, https:\/\/carmelarosso.es\/wp-content\/uploads\/2025\/08\/CARMELA_ROSSO23614-533x800.jpg 533w, https:\/\/carmelarosso.es\/wp-content\/uploads\/2025\/08\/CARMELA_ROSSO23614-768x1152.jpg 768w, https:\/\/carmelarosso.es\/wp-content\/uploads\/2025\/08\/CARMELA_ROSSO23614-1024x1536.jpg 1024w, https:\/\/carmelarosso.es\/wp-content\/uploads\/2025\/08\/CARMELA_ROSSO23614-900x1350.jpg 900w, https:\/\/carmelarosso.es\/wp-content\/uploads\/2025\/08\/CARMELA_ROSSO23614-600x900.jpg 600w\" sizes=\"(max-width: 1200px) 100vw, 1200px\" \/>                <div class=\"overlay\" style=\"background-color:1\"><\/div>                                <\/div>\n            <\/div>\n            <div class=\"box-text show-on-hover hover-slide text-center is-large\" >\n                  <div class=\"box-text-inner\">\n                      <h6 class=\"uppercase portfolio-box-title\">Jersey<\/h6>\n                      <p class=\"uppercase portfolio-box-category is-xsmall op-6\">\n                        <span class=\"show-on-hover\">\n                         Collection Automne Hiver 2025\/26                        <\/span>\n                      <\/p>\n                  <\/div>\n            <\/div>\n           <\/div>\n           <\/a>\n           <\/div>\n           <\/div><div class=\"col\" data-terms=\"[&quot;Collection Automne Hiver 2025\/26&quot;]\" >\n          <div class=\"col-inner\" >\n          <a href=\"https:\/\/carmelarosso.es\/fr\/coleciones\/collection-automne-hiver-2025-26\/robe-a-motifs-dores\/\" class=\"plain \">\n          <div class=\"portfolio-box box has-hover box-overlay dark box-text-middle\">\n            <div class=\"box-image\" >\n                <div class=\"image-overlay-add-50 image-zoom image-cover\" style=\"padding-top:150%;\">\n                <img decoding=\"async\" width=\"1200\" height=\"1800\" src=\"https:\/\/carmelarosso.es\/wp-content\/uploads\/2025\/08\/CARMELA_ROSSO24324.jpg\" class=\"attachment-original size-original\" alt=\"\" srcset=\"https:\/\/carmelarosso.es\/wp-content\/uploads\/2025\/08\/CARMELA_ROSSO24324.jpg 1200w, https:\/\/carmelarosso.es\/wp-content\/uploads\/2025\/08\/CARMELA_ROSSO24324-267x400.jpg 267w, https:\/\/carmelarosso.es\/wp-content\/uploads\/2025\/08\/CARMELA_ROSSO24324-533x800.jpg 533w, https:\/\/carmelarosso.es\/wp-content\/uploads\/2025\/08\/CARMELA_ROSSO24324-768x1152.jpg 768w, https:\/\/carmelarosso.es\/wp-content\/uploads\/2025\/08\/CARMELA_ROSSO24324-1024x1536.jpg 1024w, https:\/\/carmelarosso.es\/wp-content\/uploads\/2025\/08\/CARMELA_ROSSO24324-900x1350.jpg 900w, https:\/\/carmelarosso.es\/wp-content\/uploads\/2025\/08\/CARMELA_ROSSO24324-600x900.jpg 600w\" sizes=\"(max-width: 1200px) 100vw, 1200px\" \/>                <div class=\"overlay\" style=\"background-color:1\"><\/div>                                <\/div>\n            <\/div>\n            <div class=\"box-text show-on-hover hover-slide text-center is-large\" >\n                  <div class=\"box-text-inner\">\n                      <h6 class=\"uppercase portfolio-box-title\">Robe \u00e0 motifs dor\u00e9s<\/h6>\n                      <p class=\"uppercase portfolio-box-category is-xsmall op-6\">\n                        <span class=\"show-on-hover\">\n                         Collection Automne Hiver 2025\/26                        <\/span>\n                      <\/p>\n                  <\/div>\n            <\/div>\n           <\/div>\n           <\/a>\n           <\/div>\n           <\/div><div class=\"col\" data-terms=\"[&quot;Collection Automne Hiver 2025\/26&quot;]\" >\n          <div class=\"col-inner\" >\n          <a href=\"https:\/\/carmelarosso.es\/fr\/coleciones\/collection-automne-hiver-2025-26\/t-shirt-a-manches-longues-cr-fashion\/\" class=\"plain \">\n          <div class=\"portfolio-box box has-hover box-overlay dark box-text-middle\">\n            <div class=\"box-image\" >\n                <div class=\"image-overlay-add-50 image-zoom image-cover\" style=\"padding-top:150%;\">\n                <img decoding=\"async\" width=\"1200\" height=\"1800\" src=\"https:\/\/carmelarosso.es\/wp-content\/uploads\/2025\/08\/CARMELA_ROSSO23592.jpg\" class=\"attachment-original size-original\" alt=\"\" srcset=\"https:\/\/carmelarosso.es\/wp-content\/uploads\/2025\/08\/CARMELA_ROSSO23592.jpg 1200w, https:\/\/carmelarosso.es\/wp-content\/uploads\/2025\/08\/CARMELA_ROSSO23592-267x400.jpg 267w, https:\/\/carmelarosso.es\/wp-content\/uploads\/2025\/08\/CARMELA_ROSSO23592-533x800.jpg 533w, https:\/\/carmelarosso.es\/wp-content\/uploads\/2025\/08\/CARMELA_ROSSO23592-768x1152.jpg 768w, https:\/\/carmelarosso.es\/wp-content\/uploads\/2025\/08\/CARMELA_ROSSO23592-1024x1536.jpg 1024w, https:\/\/carmelarosso.es\/wp-content\/uploads\/2025\/08\/CARMELA_ROSSO23592-900x1350.jpg 900w, https:\/\/carmelarosso.es\/wp-content\/uploads\/2025\/08\/CARMELA_ROSSO23592-600x900.jpg 600w\" sizes=\"(max-width: 1200px) 100vw, 1200px\" \/>                <div class=\"overlay\" style=\"background-color:1\"><\/div>                                <\/div>\n            <\/div>\n            <div class=\"box-text show-on-hover hover-slide text-center is-large\" >\n                  <div class=\"box-text-inner\">\n                      <h6 class=\"uppercase portfolio-box-title\">T-shirt \u00e0 manches longues CR Fashion<\/h6>\n                      <p class=\"uppercase portfolio-box-category is-xsmall op-6\">\n                        <span class=\"show-on-hover\">\n                         Collection Automne Hiver 2025\/26                        <\/span>\n                      <\/p>\n                  <\/div>\n            <\/div>\n           <\/div>\n           <\/a>\n           <\/div>\n           <\/div><div class=\"col\" data-terms=\"[&quot;Collection Automne Hiver 2025\/26&quot;]\" >\n          <div class=\"col-inner\" >\n          <a href=\"https:\/\/carmelarosso.es\/fr\/coleciones\/collection-automne-hiver-2025-26\/costume-ligne-blanche-et-noire\/\" class=\"plain \">\n          <div class=\"portfolio-box box has-hover box-overlay dark box-text-middle\">\n            <div class=\"box-image\" >\n                <div class=\"image-overlay-add-50 image-zoom image-cover\" style=\"padding-top:150%;\">\n                <img decoding=\"async\" width=\"1200\" height=\"1800\" src=\"https:\/\/carmelarosso.es\/wp-content\/uploads\/2025\/08\/CARMELA_ROSSO24295.jpg\" class=\"attachment-original size-original\" alt=\"\" srcset=\"https:\/\/carmelarosso.es\/wp-content\/uploads\/2025\/08\/CARMELA_ROSSO24295.jpg 1200w, https:\/\/carmelarosso.es\/wp-content\/uploads\/2025\/08\/CARMELA_ROSSO24295-267x400.jpg 267w, https:\/\/carmelarosso.es\/wp-content\/uploads\/2025\/08\/CARMELA_ROSSO24295-533x800.jpg 533w, https:\/\/carmelarosso.es\/wp-content\/uploads\/2025\/08\/CARMELA_ROSSO24295-768x1152.jpg 768w, https:\/\/carmelarosso.es\/wp-content\/uploads\/2025\/08\/CARMELA_ROSSO24295-1024x1536.jpg 1024w, https:\/\/carmelarosso.es\/wp-content\/uploads\/2025\/08\/CARMELA_ROSSO24295-900x1350.jpg 900w, https:\/\/carmelarosso.es\/wp-content\/uploads\/2025\/08\/CARMELA_ROSSO24295-600x900.jpg 600w\" sizes=\"(max-width: 1200px) 100vw, 1200px\" \/>                <div class=\"overlay\" style=\"background-color:1\"><\/div>                                <\/div>\n            <\/div>\n            <div class=\"box-text show-on-hover hover-slide text-center is-large\" >\n                  <div class=\"box-text-inner\">\n                      <h6 class=\"uppercase portfolio-box-title\">Costume ligne blanche et noire<\/h6>\n                      <p class=\"uppercase portfolio-box-category is-xsmall op-6\">\n                        <span class=\"show-on-hover\">\n                         Collection Automne Hiver 2025\/26                        <\/span>\n                      <\/p>\n                  <\/div>\n            <\/div>\n           <\/div>\n           <\/a>\n           <\/div>\n           <\/div><div class=\"col\" data-terms=\"[&quot;Collection Automne Hiver 2025\/26&quot;]\" >\n          <div class=\"col-inner\" >\n          <a href=\"https:\/\/carmelarosso.es\/fr\/coleciones\/collection-automne-hiver-2025-26\/veste-fantaisie-2\/\" class=\"plain \">\n          <div class=\"portfolio-box box has-hover box-overlay dark box-text-middle\">\n            <div class=\"box-image\" >\n                <div class=\"image-overlay-add-50 image-zoom image-cover\" style=\"padding-top:150%;\">\n                <img decoding=\"async\" width=\"1200\" height=\"1800\" src=\"https:\/\/carmelarosso.es\/wp-content\/uploads\/2025\/08\/CARMELA_ROSSO24251.jpg\" class=\"attachment-original size-original\" alt=\"\" srcset=\"https:\/\/carmelarosso.es\/wp-content\/uploads\/2025\/08\/CARMELA_ROSSO24251.jpg 1200w, https:\/\/carmelarosso.es\/wp-content\/uploads\/2025\/08\/CARMELA_ROSSO24251-267x400.jpg 267w, https:\/\/carmelarosso.es\/wp-content\/uploads\/2025\/08\/CARMELA_ROSSO24251-533x800.jpg 533w, https:\/\/carmelarosso.es\/wp-content\/uploads\/2025\/08\/CARMELA_ROSSO24251-768x1152.jpg 768w, https:\/\/carmelarosso.es\/wp-content\/uploads\/2025\/08\/CARMELA_ROSSO24251-1024x1536.jpg 1024w, https:\/\/carmelarosso.es\/wp-content\/uploads\/2025\/08\/CARMELA_ROSSO24251-900x1350.jpg 900w, https:\/\/carmelarosso.es\/wp-content\/uploads\/2025\/08\/CARMELA_ROSSO24251-600x900.jpg 600w\" sizes=\"(max-width: 1200px) 100vw, 1200px\" \/>                <div class=\"overlay\" style=\"background-color:1\"><\/div>                                <\/div>\n            <\/div>\n            <div class=\"box-text show-on-hover hover-slide text-center is-large\" >\n                  <div class=\"box-text-inner\">\n                      <h6 class=\"uppercase portfolio-box-title\">Veste fantaisie<\/h6>\n                      <p class=\"uppercase portfolio-box-category is-xsmall op-6\">\n                        <span class=\"show-on-hover\">\n                         Collection Automne Hiver 2025\/26                        <\/span>\n                      <\/p>\n                  <\/div>\n            <\/div>\n           <\/div>\n           <\/a>\n           <\/div>\n           <\/div><div class=\"col\" data-terms=\"[&quot;Collection Automne Hiver 2025\/26&quot;]\" >\n          <div class=\"col-inner\" >\n          <a href=\"https:\/\/carmelarosso.es\/fr\/coleciones\/collection-automne-hiver-2025-26\/t-shirt-a-manches-longues-cr-fashion-2\/\" class=\"plain \">\n          <div class=\"portfolio-box box has-hover box-overlay dark box-text-middle\">\n            <div class=\"box-image\" >\n                <div class=\"image-overlay-add-50 image-zoom image-cover\" style=\"padding-top:150%;\">\n                <img decoding=\"async\" width=\"1200\" height=\"1800\" src=\"https:\/\/carmelarosso.es\/wp-content\/uploads\/2025\/08\/CARMELA_ROSSO23582.jpg\" class=\"attachment-original size-original\" alt=\"\" srcset=\"https:\/\/carmelarosso.es\/wp-content\/uploads\/2025\/08\/CARMELA_ROSSO23582.jpg 1200w, https:\/\/carmelarosso.es\/wp-content\/uploads\/2025\/08\/CARMELA_ROSSO23582-267x400.jpg 267w, https:\/\/carmelarosso.es\/wp-content\/uploads\/2025\/08\/CARMELA_ROSSO23582-533x800.jpg 533w, https:\/\/carmelarosso.es\/wp-content\/uploads\/2025\/08\/CARMELA_ROSSO23582-768x1152.jpg 768w, https:\/\/carmelarosso.es\/wp-content\/uploads\/2025\/08\/CARMELA_ROSSO23582-1024x1536.jpg 1024w, https:\/\/carmelarosso.es\/wp-content\/uploads\/2025\/08\/CARMELA_ROSSO23582-900x1350.jpg 900w, https:\/\/carmelarosso.es\/wp-content\/uploads\/2025\/08\/CARMELA_ROSSO23582-600x900.jpg 600w\" sizes=\"(max-width: 1200px) 100vw, 1200px\" \/>                <div class=\"overlay\" style=\"background-color:1\"><\/div>                                <\/div>\n            <\/div>\n            <div class=\"box-text show-on-hover hover-slide text-center is-large\" >\n                  <div class=\"box-text-inner\">\n                      <h6 class=\"uppercase portfolio-box-title\">T-shirt \u00e0 manches longues CR Fashion<\/h6>\n                      <p class=\"uppercase portfolio-box-category is-xsmall op-6\">\n                        <span class=\"show-on-hover\">\n                         Collection Automne Hiver 2025\/26                        <\/span>\n                      <\/p>\n                  <\/div>\n            <\/div>\n           <\/div>\n           <\/a>\n           <\/div>\n           <\/div><div class=\"col\" data-terms=\"[&quot;Collection Automne Hiver 2025\/26&quot;]\" >\n          <div class=\"col-inner\" >\n          <a href=\"https:\/\/carmelarosso.es\/fr\/coleciones\/collection-automne-hiver-2025-26\/chemise-a-fermeture-eclair\/\" class=\"plain \">\n          <div class=\"portfolio-box box has-hover box-overlay dark box-text-middle\">\n            <div class=\"box-image\" >\n                <div class=\"image-overlay-add-50 image-zoom image-cover\" style=\"padding-top:150%;\">\n                <img decoding=\"async\" width=\"1200\" height=\"1800\" src=\"https:\/\/carmelarosso.es\/wp-content\/uploads\/2025\/08\/CARMELA_ROSSO24197.jpg\" class=\"attachment-original size-original\" alt=\"\" srcset=\"https:\/\/carmelarosso.es\/wp-content\/uploads\/2025\/08\/CARMELA_ROSSO24197.jpg 1200w, https:\/\/carmelarosso.es\/wp-content\/uploads\/2025\/08\/CARMELA_ROSSO24197-267x400.jpg 267w, https:\/\/carmelarosso.es\/wp-content\/uploads\/2025\/08\/CARMELA_ROSSO24197-533x800.jpg 533w, https:\/\/carmelarosso.es\/wp-content\/uploads\/2025\/08\/CARMELA_ROSSO24197-768x1152.jpg 768w, https:\/\/carmelarosso.es\/wp-content\/uploads\/2025\/08\/CARMELA_ROSSO24197-1024x1536.jpg 1024w, https:\/\/carmelarosso.es\/wp-content\/uploads\/2025\/08\/CARMELA_ROSSO24197-900x1350.jpg 900w, https:\/\/carmelarosso.es\/wp-content\/uploads\/2025\/08\/CARMELA_ROSSO24197-600x900.jpg 600w\" sizes=\"(max-width: 1200px) 100vw, 1200px\" \/>                <div class=\"overlay\" style=\"background-color:1\"><\/div>                                <\/div>\n            <\/div>\n            <div class=\"box-text show-on-hover hover-slide text-center is-large\" >\n                  <div class=\"box-text-inner\">\n                      <h6 class=\"uppercase portfolio-box-title\">Chemise \u00e0 fermeture \u00e9clair<\/h6>\n                      <p class=\"uppercase portfolio-box-category is-xsmall op-6\">\n                        <span class=\"show-on-hover\">\n                         Collection Automne Hiver 2025\/26                        <\/span>\n                      <\/p>\n                  <\/div>\n            <\/div>\n           <\/div>\n           <\/a>\n           <\/div>\n           <\/div><div class=\"col\" data-terms=\"[&quot;Collection Automne Hiver 2025\/26&quot;]\" >\n          <div class=\"col-inner\" >\n          <a href=\"https:\/\/carmelarosso.es\/fr\/coleciones\/collection-automne-hiver-2025-26\/jersey-5\/\" class=\"plain \">\n          <div class=\"portfolio-box box has-hover box-overlay dark box-text-middle\">\n            <div class=\"box-image\" >\n                <div class=\"image-overlay-add-50 image-zoom image-cover\" style=\"padding-top:150%;\">\n                <img decoding=\"async\" width=\"1200\" height=\"1800\" src=\"https:\/\/carmelarosso.es\/wp-content\/uploads\/2025\/08\/CARMELA_ROSSO23553.jpg\" class=\"attachment-original size-original\" alt=\"\" srcset=\"https:\/\/carmelarosso.es\/wp-content\/uploads\/2025\/08\/CARMELA_ROSSO23553.jpg 1200w, https:\/\/carmelarosso.es\/wp-content\/uploads\/2025\/08\/CARMELA_ROSSO23553-267x400.jpg 267w, https:\/\/carmelarosso.es\/wp-content\/uploads\/2025\/08\/CARMELA_ROSSO23553-533x800.jpg 533w, https:\/\/carmelarosso.es\/wp-content\/uploads\/2025\/08\/CARMELA_ROSSO23553-768x1152.jpg 768w, https:\/\/carmelarosso.es\/wp-content\/uploads\/2025\/08\/CARMELA_ROSSO23553-1024x1536.jpg 1024w, https:\/\/carmelarosso.es\/wp-content\/uploads\/2025\/08\/CARMELA_ROSSO23553-900x1350.jpg 900w, https:\/\/carmelarosso.es\/wp-content\/uploads\/2025\/08\/CARMELA_ROSSO23553-600x900.jpg 600w\" sizes=\"(max-width: 1200px) 100vw, 1200px\" \/>                <div class=\"overlay\" style=\"background-color:1\"><\/div>                                <\/div>\n            <\/div>\n            <div class=\"box-text show-on-hover hover-slide text-center is-large\" >\n                  <div class=\"box-text-inner\">\n                      <h6 class=\"uppercase portfolio-box-title\">Jersey<\/h6>\n                      <p class=\"uppercase portfolio-box-category is-xsmall op-6\">\n                        <span class=\"show-on-hover\">\n                         Collection Automne Hiver 2025\/26                        <\/span>\n                      <\/p>\n                  <\/div>\n            <\/div>\n           <\/div>\n           <\/a>\n           <\/div>\n           <\/div><div class=\"col\" data-terms=\"[&quot;Collection Automne Hiver 2025\/26&quot;]\" >\n          <div class=\"col-inner\" >\n          <a href=\"https:\/\/carmelarosso.es\/fr\/coleciones\/collection-automne-hiver-2025-26\/costume-noir-avec-details-blancs\/\" class=\"plain \">\n          <div class=\"portfolio-box box has-hover box-overlay dark box-text-middle\">\n            <div class=\"box-image\" >\n                <div class=\"image-overlay-add-50 image-zoom image-cover\" style=\"padding-top:150%;\">\n                <img decoding=\"async\" width=\"1200\" height=\"1800\" src=\"https:\/\/carmelarosso.es\/wp-content\/uploads\/2025\/08\/CARMELA_ROSSO24164.jpg\" class=\"attachment-original size-original\" alt=\"\" srcset=\"https:\/\/carmelarosso.es\/wp-content\/uploads\/2025\/08\/CARMELA_ROSSO24164.jpg 1200w, https:\/\/carmelarosso.es\/wp-content\/uploads\/2025\/08\/CARMELA_ROSSO24164-267x400.jpg 267w, https:\/\/carmelarosso.es\/wp-content\/uploads\/2025\/08\/CARMELA_ROSSO24164-533x800.jpg 533w, https:\/\/carmelarosso.es\/wp-content\/uploads\/2025\/08\/CARMELA_ROSSO24164-768x1152.jpg 768w, https:\/\/carmelarosso.es\/wp-content\/uploads\/2025\/08\/CARMELA_ROSSO24164-1024x1536.jpg 1024w, https:\/\/carmelarosso.es\/wp-content\/uploads\/2025\/08\/CARMELA_ROSSO24164-900x1350.jpg 900w, https:\/\/carmelarosso.es\/wp-content\/uploads\/2025\/08\/CARMELA_ROSSO24164-600x900.jpg 600w\" sizes=\"(max-width: 1200px) 100vw, 1200px\" \/>                <div class=\"overlay\" style=\"background-color:1\"><\/div>                                <\/div>\n            <\/div>\n            <div class=\"box-text show-on-hover hover-slide text-center is-large\" >\n                  <div class=\"box-text-inner\">\n                      <h6 class=\"uppercase portfolio-box-title\">Costume noir avec d\u00e9tails blancs<\/h6>\n                      <p class=\"uppercase portfolio-box-category is-xsmall op-6\">\n                        <span class=\"show-on-hover\">\n                         Collection Automne Hiver 2025\/26                        <\/span>\n                      <\/p>\n                  <\/div>\n            <\/div>\n           <\/div>\n           <\/a>\n           <\/div>\n           <\/div><\/div><\/div>\n\n\n","protected":false},"excerpt":{"rendered":"","protected":false},"author":1,"featured_media":22915,"parent":0,"menu_order":19,"comment_status":"closed","ping_status":"closed","template":"page-blank.php","meta":{"footnotes":""},"class_list":["post-24052","page","type-page","status-publish","has-post-thumbnail","hentry"],"yoast_head":"<!-- This site is optimized with the Yoast SEO plugin v27.7 - https:\/\/yoast.com\/product\/yoast-seo-wordpress\/ -->\n<title>Collection Automne Hiver 2025\/26 - Carmela Rosso ropa de mujer<\/title>\n<meta name=\"description\" content=\"Nous vous pr\u00e9sentons notre nouvelle collection de v\u00eatements pour femmes Automne Hiver 2022\/23, manteaux, parkas, robes. V\u00eatements 100% fabriqu\u00e9s en Espagne et respectant les crit\u00e8res de durabilit\u00e9.\" \/>\n<meta name=\"robots\" content=\"index, follow, max-snippet:-1, max-image-preview:large, max-video-preview:-1\" \/>\n<link rel=\"canonical\" href=\"https:\/\/carmelarosso.es\/fr\/collection-automne-hiver-2025-26\/\" \/>\n<meta property=\"og:locale\" content=\"fr_FR\" \/>\n<meta property=\"og:type\" content=\"article\" \/>\n<meta property=\"og:title\" content=\"Collection Automne Hiver 2025\/26 - Carmela Rosso ropa de mujer\" \/>\n<meta property=\"og:description\" content=\"Nous vous pr\u00e9sentons notre nouvelle collection de v\u00eatements pour femmes Automne Hiver 2022\/23, manteaux, parkas, robes. V\u00eatements 100% fabriqu\u00e9s en Espagne et respectant les crit\u00e8res de durabilit\u00e9.\" \/>\n<meta property=\"og:url\" content=\"https:\/\/carmelarosso.es\/fr\/collection-automne-hiver-2025-26\/\" \/>\n<meta property=\"og:site_name\" content=\"Carmela Rosso ropa de mujer\" \/>\n<meta property=\"article:modified_time\" content=\"2025-09-08T08:07:18+00:00\" \/>\n<meta property=\"og:image\" content=\"https:\/\/carmelarosso.es\/wp-content\/uploads\/2016\/08\/dummy-1.jpg\" \/>\n\t<meta property=\"og:image:width\" content=\"400\" \/>\n\t<meta property=\"og:image:height\" content=\"260\" \/>\n\t<meta property=\"og:image:type\" content=\"image\/jpeg\" \/>\n<script type=\"application\/ld+json\" class=\"yoast-schema-graph\">{\"@context\":\"https:\\\/\\\/schema.org\",\"@graph\":[{\"@type\":\"WebPage\",\"@id\":\"https:\\\/\\\/carmelarosso.es\\\/fr\\\/collection-automne-hiver-2025-26\\\/\",\"url\":\"https:\\\/\\\/carmelarosso.es\\\/fr\\\/collection-automne-hiver-2025-26\\\/\",\"name\":\"Collection Automne Hiver 2025\\\/26 - Carmela Rosso ropa de mujer\",\"isPartOf\":{\"@id\":\"https:\\\/\\\/carmelarosso.es\\\/fr\\\/#website\"},\"primaryImageOfPage\":{\"@id\":\"https:\\\/\\\/carmelarosso.es\\\/fr\\\/collection-automne-hiver-2025-26\\\/#primaryimage\"},\"image\":{\"@id\":\"https:\\\/\\\/carmelarosso.es\\\/fr\\\/collection-automne-hiver-2025-26\\\/#primaryimage\"},\"thumbnailUrl\":\"https:\\\/\\\/carmelarosso.es\\\/wp-content\\\/uploads\\\/2016\\\/08\\\/dummy-1.jpg\",\"datePublished\":\"2025-08-26T15:07:21+00:00\",\"dateModified\":\"2025-09-08T08:07:18+00:00\",\"description\":\"Nous vous pr\u00e9sentons notre nouvelle collection de v\u00eatements pour femmes Automne Hiver 2022\\\/23, manteaux, parkas, robes. V\u00eatements 100% fabriqu\u00e9s en Espagne et respectant les crit\u00e8res de durabilit\u00e9.\",\"breadcrumb\":{\"@id\":\"https:\\\/\\\/carmelarosso.es\\\/fr\\\/collection-automne-hiver-2025-26\\\/#breadcrumb\"},\"inLanguage\":\"fr-FR\",\"potentialAction\":[{\"@type\":\"ReadAction\",\"target\":[\"https:\\\/\\\/carmelarosso.es\\\/fr\\\/collection-automne-hiver-2025-26\\\/\"]}]},{\"@type\":\"ImageObject\",\"inLanguage\":\"fr-FR\",\"@id\":\"https:\\\/\\\/carmelarosso.es\\\/fr\\\/collection-automne-hiver-2025-26\\\/#primaryimage\",\"url\":\"https:\\\/\\\/carmelarosso.es\\\/wp-content\\\/uploads\\\/2016\\\/08\\\/dummy-1.jpg\",\"contentUrl\":\"https:\\\/\\\/carmelarosso.es\\\/wp-content\\\/uploads\\\/2016\\\/08\\\/dummy-1.jpg\",\"width\":400,\"height\":260},{\"@type\":\"BreadcrumbList\",\"@id\":\"https:\\\/\\\/carmelarosso.es\\\/fr\\\/collection-automne-hiver-2025-26\\\/#breadcrumb\",\"itemListElement\":[{\"@type\":\"ListItem\",\"position\":1,\"name\":\"Accueil\",\"item\":\"https:\\\/\\\/carmelarosso.es\\\/fr\\\/\"},{\"@type\":\"ListItem\",\"position\":2,\"name\":\"Collection Automne Hiver 2025\\\/26\"}]},{\"@type\":\"WebSite\",\"@id\":\"https:\\\/\\\/carmelarosso.es\\\/fr\\\/#website\",\"url\":\"https:\\\/\\\/carmelarosso.es\\\/fr\\\/\",\"name\":\"Carmela Rosso ropa de mujer\",\"description\":\"Moda de mujer sostenible\",\"potentialAction\":[{\"@type\":\"SearchAction\",\"target\":{\"@type\":\"EntryPoint\",\"urlTemplate\":\"https:\\\/\\\/carmelarosso.es\\\/fr\\\/?s={search_term_string}\"},\"query-input\":{\"@type\":\"PropertyValueSpecification\",\"valueRequired\":true,\"valueName\":\"search_term_string\"}}],\"inLanguage\":\"fr-FR\"}]}<\/script>\n<!-- \/ Yoast SEO plugin. -->","yoast_head_json":{"title":"Collection Automne Hiver 2025\/26 - Carmela Rosso ropa de mujer","description":"Nous vous pr\u00e9sentons notre nouvelle collection de v\u00eatements pour femmes Automne Hiver 2022\/23, manteaux, parkas, robes. V\u00eatements 100% fabriqu\u00e9s en Espagne et respectant les crit\u00e8res de durabilit\u00e9.","robots":{"index":"index","follow":"follow","max-snippet":"max-snippet:-1","max-image-preview":"max-image-preview:large","max-video-preview":"max-video-preview:-1"},"canonical":"https:\/\/carmelarosso.es\/fr\/collection-automne-hiver-2025-26\/","og_locale":"fr_FR","og_type":"article","og_title":"Collection Automne Hiver 2025\/26 - Carmela Rosso ropa de mujer","og_description":"Nous vous pr\u00e9sentons notre nouvelle collection de v\u00eatements pour femmes Automne Hiver 2022\/23, manteaux, parkas, robes. V\u00eatements 100% fabriqu\u00e9s en Espagne et respectant les crit\u00e8res de durabilit\u00e9.","og_url":"https:\/\/carmelarosso.es\/fr\/collection-automne-hiver-2025-26\/","og_site_name":"Carmela Rosso ropa de mujer","article_modified_time":"2025-09-08T08:07:18+00:00","og_image":[{"width":400,"height":260,"url":"https:\/\/carmelarosso.es\/wp-content\/uploads\/2016\/08\/dummy-1.jpg","type":"image\/jpeg"}],"schema":{"@context":"https:\/\/schema.org","@graph":[{"@type":"WebPage","@id":"https:\/\/carmelarosso.es\/fr\/collection-automne-hiver-2025-26\/","url":"https:\/\/carmelarosso.es\/fr\/collection-automne-hiver-2025-26\/","name":"Collection Automne Hiver 2025\/26 - Carmela Rosso ropa de mujer","isPartOf":{"@id":"https:\/\/carmelarosso.es\/fr\/#website"},"primaryImageOfPage":{"@id":"https:\/\/carmelarosso.es\/fr\/collection-automne-hiver-2025-26\/#primaryimage"},"image":{"@id":"https:\/\/carmelarosso.es\/fr\/collection-automne-hiver-2025-26\/#primaryimage"},"thumbnailUrl":"https:\/\/carmelarosso.es\/wp-content\/uploads\/2016\/08\/dummy-1.jpg","datePublished":"2025-08-26T15:07:21+00:00","dateModified":"2025-09-08T08:07:18+00:00","description":"Nous vous pr\u00e9sentons notre nouvelle collection de v\u00eatements pour femmes Automne Hiver 2022\/23, manteaux, parkas, robes. V\u00eatements 100% fabriqu\u00e9s en Espagne et respectant les crit\u00e8res de durabilit\u00e9.","breadcrumb":{"@id":"https:\/\/carmelarosso.es\/fr\/collection-automne-hiver-2025-26\/#breadcrumb"},"inLanguage":"fr-FR","potentialAction":[{"@type":"ReadAction","target":["https:\/\/carmelarosso.es\/fr\/collection-automne-hiver-2025-26\/"]}]},{"@type":"ImageObject","inLanguage":"fr-FR","@id":"https:\/\/carmelarosso.es\/fr\/collection-automne-hiver-2025-26\/#primaryimage","url":"https:\/\/carmelarosso.es\/wp-content\/uploads\/2016\/08\/dummy-1.jpg","contentUrl":"https:\/\/carmelarosso.es\/wp-content\/uploads\/2016\/08\/dummy-1.jpg","width":400,"height":260},{"@type":"BreadcrumbList","@id":"https:\/\/carmelarosso.es\/fr\/collection-automne-hiver-2025-26\/#breadcrumb","itemListElement":[{"@type":"ListItem","position":1,"name":"Accueil","item":"https:\/\/carmelarosso.es\/fr\/"},{"@type":"ListItem","position":2,"name":"Collection Automne Hiver 2025\/26"}]},{"@type":"WebSite","@id":"https:\/\/carmelarosso.es\/fr\/#website","url":"https:\/\/carmelarosso.es\/fr\/","name":"Carmela Rosso ropa de mujer","description":"Moda de mujer sostenible","potentialAction":[{"@type":"SearchAction","target":{"@type":"EntryPoint","urlTemplate":"https:\/\/carmelarosso.es\/fr\/?s={search_term_string}"},"query-input":{"@type":"PropertyValueSpecification","valueRequired":true,"valueName":"search_term_string"}}],"inLanguage":"fr-FR"}]}},"_links":{"self":[{"href":"https:\/\/carmelarosso.es\/fr\/wp-json\/wp\/v2\/pages\/24052","targetHints":{"allow":["GET"]}}],"collection":[{"href":"https:\/\/carmelarosso.es\/fr\/wp-json\/wp\/v2\/pages"}],"about":[{"href":"https:\/\/carmelarosso.es\/fr\/wp-json\/wp\/v2\/types\/page"}],"author":[{"embeddable":true,"href":"https:\/\/carmelarosso.es\/fr\/wp-json\/wp\/v2\/users\/1"}],"replies":[{"embeddable":true,"href":"https:\/\/carmelarosso.es\/fr\/wp-json\/wp\/v2\/comments?post=24052"}],"version-history":[{"count":1,"href":"https:\/\/carmelarosso.es\/fr\/wp-json\/wp\/v2\/pages\/24052\/revisions"}],"predecessor-version":[{"id":24053,"href":"https:\/\/carmelarosso.es\/fr\/wp-json\/wp\/v2\/pages\/24052\/revisions\/24053"}],"wp:featuredmedia":[{"embeddable":true,"href":"https:\/\/carmelarosso.es\/fr\/wp-json\/wp\/v2\/media\/22915"}],"wp:attachment":[{"href":"https:\/\/carmelarosso.es\/fr\/wp-json\/wp\/v2\/media?parent=24052"}],"curies":[{"name":"wp","href":"https:\/\/api.w.org\/{rel}","templated":true}]}}